{"id":8,"date":"2023-06-03T19:05:57","date_gmt":"2023-06-03T19:05:57","guid":{"rendered":"http:\/\/wanderfreunde-rhein-sieg.info\/?page_id=8"},"modified":"2026-02-24T17:13:08","modified_gmt":"2026-02-24T17:13:08","slug":"startseite","status":"publish","type":"page","link":"https:\/\/wanderfreunde-rhein-sieg.info\/","title":{"rendered":"Startseite"},"content":{"rendered":"\t\t<div data-elementor-type=\"wp-page\" data-elementor-id=\"8\" class=\"elementor elementor-8\">\n\t\t\t\t\t\t<section class=\"elementor-section elementor-top-section elementor-element elementor-element-a518a33 elementor-section-boxed elementor-section-height-default elementor-section-height-default\" data-id=\"a518a33\" data-element_type=\"section\" data-e-type=\"section\">\n\t\t\t\t\t\t<div class=\"elementor-container elementor-column-gap-default\">\n\t\t\t\t\t<div class=\"elementor-column elementor-col-100 elementor-top-column elementor-element elementor-element-dc60cf9\" data-id=\"dc60cf9\" data-element_type=\"column\" data-e-type=\"column\">\n\t\t\t<div class=\"elementor-widget-wrap elementor-element-populated\">\n\t\t\t\t\t\t<div class=\"elementor-element elementor-element-8a29023 elementor-widget elementor-widget-button\" data-id=\"8a29023\" data-element_type=\"widget\" data-e-type=\"widget\" data-widget_type=\"button.default\">\n\t\t\t\t<div class=\"elementor-widget-container\">\n\t\t\t\t\t\t\t\t\t<div class=\"elementor-button-wrapper\">\n\t\t\t\t\t<a class=\"elementor-button elementor-button-link elementor-size-sm\" href=\"https:\/\/whatsapp.com\/channel\/0029VbCd5RX0bIdufzD2rj2W\">\n\t\t\t\t\t\t<span class=\"elementor-button-content-wrapper\">\n\t\t\t\t\t\t<span class=\"elementor-button-icon\">\n\t\t\t\t<i aria-hidden=\"true\" class=\"far fa-comments\"><\/i>\t\t\t<\/span>\n\t\t\t\t\t\t\t\t\t<span class=\"elementor-button-text\">Folge dem Kanal Wanderfreunde Rhein-Sieg e.V. auf WhatsApp<\/span>\n\t\t\t\t\t<\/span>\n\t\t\t\t\t<\/a>\n\t\t\t\t<\/div>\n\t\t\t\t\t\t\t\t<\/div>\n\t\t\t\t<\/div>\n\t\t\t\t\t<\/div>\n\t\t<\/div>\n\t\t\t\t\t<\/div>\n\t\t<\/section>\n\t\t\t\t<section class=\"elementor-section elementor-top-section elementor-element elementor-element-0a61bd1 elementor-section-boxed elementor-section-height-default elementor-section-height-default\" data-id=\"0a61bd1\" data-element_type=\"section\" data-e-type=\"section\">\n\t\t\t\t\t\t<div class=\"elementor-container elementor-column-gap-default\">\n\t\t\t\t\t<div class=\"elementor-column elementor-col-100 elementor-top-column elementor-element elementor-element-236f673\" data-id=\"236f673\" data-element_type=\"column\" data-e-type=\"column\">\n\t\t\t<div class=\"elementor-widget-wrap elementor-element-populated\">\n\t\t\t\t\t\t<div class=\"elementor-element elementor-element-5115dda elementor-widget__width-initial elementor-widget-divider--view-line elementor-widget elementor-widget-divider\" data-id=\"5115dda\" data-element_type=\"widget\" data-e-type=\"widget\" data-widget_type=\"divider.default\">\n\t\t\t\t<div class=\"elementor-widget-container\">\n\t\t\t\t\t\t\t<div class=\"elementor-divider\">\n\t\t\t<span class=\"elementor-divider-separator\">\n\t\t\t\t\t\t<\/span>\n\t\t<\/div>\n\t\t\t\t\t\t<\/div>\n\t\t\t\t<\/div>\n\t\t\t\t\t<\/div>\n\t\t<\/div>\n\t\t\t\t\t<\/div>\n\t\t<\/section>\n\t\t\t\t<section class=\"elementor-section elementor-top-section elementor-element elementor-element-6db3e91d elementor-section-boxed elementor-section-height-default elementor-section-height-default\" data-id=\"6db3e91d\" data-element_type=\"section\" data-e-type=\"section\">\n\t\t\t\t\t\t<div class=\"elementor-container elementor-column-gap-default\">\n\t\t\t\t\t<div class=\"elementor-column elementor-col-100 elementor-top-column elementor-element elementor-element-27f6d848\" data-id=\"27f6d848\" data-element_type=\"column\" data-e-type=\"column\">\n\t\t\t<div class=\"elementor-widget-wrap elementor-element-populated\">\n\t\t\t\t\t\t<div class=\"elementor-element elementor-element-4697e62c elementor-widget elementor-widget-text-editor\" data-id=\"4697e62c\" data-element_type=\"widget\" data-e-type=\"widget\" data-widget_type=\"text-editor.default\">\n\t\t\t\t<div class=\"elementor-widget-container\">\n\t\t\t\t\t\t\t\t\t<p style=\"border: 0px solid #d9d9e3; --tw-border-spacing-x: 0; --tw-border-spacing-y: 0; --tw-translate-x: 0; --tw-translate-y: 0; --tw-rotate: 0; --tw-skew-x: 0; --tw-skew-y: 0; --tw-scale-x: 1; --tw-scale-y: 1; --tw-scroll-snap-strictness: proximity; --tw-ring-offset-width: 0px; --tw-ring-offset-color: #fff; --tw-ring-color: rgba(69,89,164,0.5); --tw-ring-offset-shadow: 0 0 transparent; --tw-ring-shadow: 0 0 transparent; --tw-shadow: 0 0 transparent; --tw-shadow-colored: 0 0 transparent; margin-bottom: 1.25em; caret-color: #374151; color: #374151; font-family: S\u00f6hne, ui-sans-serif, system-ui, -apple-system, 'Segoe UI', Roboto, Ubuntu, Cantarell, 'Noto Sans', sans-serif, 'Helvetica Neue', Arial, 'Apple Color Emoji', 'Segoe UI Emoji', 'Segoe UI Symbol', 'Noto Color Emoji'; white-space: pre-wrap;\">Liebe Wanderfreunde,<\/p><p style=\"border: 0px solid #d9d9e3; --tw-border-spacing-x: 0; --tw-border-spacing-y: 0; --tw-translate-x: 0; --tw-translate-y: 0; --tw-rotate: 0; --tw-skew-x: 0; --tw-skew-y: 0; --tw-scale-x: 1; --tw-scale-y: 1; --tw-scroll-snap-strictness: proximity; --tw-ring-offset-width: 0px; --tw-ring-offset-color: #fff; --tw-ring-color: rgba(69,89,164,0.5); --tw-ring-offset-shadow: 0 0 transparent; --tw-ring-shadow: 0 0 transparent; --tw-shadow: 0 0 transparent; --tw-shadow-colored: 0 0 transparent; margin-top: 1.25em; margin-bottom: 1.25em; caret-color: #374151; color: #374151; font-family: S\u00f6hne, ui-sans-serif, system-ui, -apple-system, 'Segoe UI', Roboto, Ubuntu, Cantarell, 'Noto Sans', sans-serif, 'Helvetica Neue', Arial, 'Apple Color Emoji', 'Segoe UI Emoji', 'Segoe UI Symbol', 'Noto Color Emoji'; white-space: pre-wrap;\">wir m\u00f6chten euch herzlich im Namen unseres Wandervereins begr\u00fc\u00dfen und freuen uns \u00fcber euer Interesse an unseren Aktivit\u00e4ten. Unser Verein bietet zahlreiche M\u00f6glichkeiten, um gemeinsam die sch\u00f6nsten Wanderwege der Region zu erkunden. Ob leichte Wanderungen durch idyllische Landschaften oder anspruchsvolle Touren, bei uns findet jeder die passende Route f\u00fcr sich. Dabei steht das Miteinander und der Austausch im Vordergrund.<\/p><p style=\"border: 0px solid #d9d9e3; --tw-border-spacing-x: 0; --tw-border-spacing-y: 0; --tw-translate-x: 0; --tw-translate-y: 0; --tw-rotate: 0; --tw-skew-x: 0; --tw-skew-y: 0; --tw-scale-x: 1; --tw-scale-y: 1; --tw-scroll-snap-strictness: proximity; --tw-ring-offset-width: 0px; --tw-ring-offset-color: #fff; --tw-ring-color: rgba(69,89,164,0.5); --tw-ring-offset-shadow: 0 0 transparent; --tw-ring-shadow: 0 0 transparent; --tw-shadow: 0 0 transparent; --tw-shadow-colored: 0 0 transparent; margin-top: 1.25em; margin-bottom: 1.25em; caret-color: #374151; color: #374151; font-family: S\u00f6hne, ui-sans-serif, system-ui, -apple-system, 'Segoe UI', Roboto, Ubuntu, Cantarell, 'Noto Sans', sans-serif, 'Helvetica Neue', Arial, 'Apple Color Emoji', 'Segoe UI Emoji', 'Segoe UI Symbol', 'Noto Color Emoji'; white-space: pre-wrap;\">Neben den regelm\u00e4\u00dfigen Wanderungen organisieren wir auch gesellige Veranstaltungen und Ausfl\u00fcge, bei denen wir uns besser kennenlernen und Spa\u00df haben. Unser Verein ist ein Ort der Gemeinschaft und des Miteinanders, an dem jeder herzlich willkommen ist.<\/p><p style=\"border: 0px solid #d9d9e3; --tw-border-spacing-x: 0; --tw-border-spacing-y: 0; --tw-translate-x: 0; --tw-translate-y: 0; --tw-rotate: 0; --tw-skew-x: 0; --tw-skew-y: 0; --tw-scale-x: 1; --tw-scale-y: 1; --tw-scroll-snap-strictness: proximity; --tw-ring-offset-width: 0px; --tw-ring-offset-color: #fff; --tw-ring-color: rgba(69,89,164,0.5); --tw-ring-offset-shadow: 0 0 transparent; --tw-ring-shadow: 0 0 transparent; --tw-shadow: 0 0 transparent; --tw-shadow-colored: 0 0 transparent; margin-top: 1.25em; margin-bottom: 1.25em; caret-color: #374151; color: #374151; font-family: S\u00f6hne, ui-sans-serif, system-ui, -apple-system, 'Segoe UI', Roboto, Ubuntu, Cantarell, 'Noto Sans', sans-serif, 'Helvetica Neue', Arial, 'Apple Color Emoji', 'Segoe UI Emoji', 'Segoe UI Symbol', 'Noto Color Emoji'; white-space: pre-wrap;\">Wir freuen uns \u00fcber neue Mitglieder, die unsere Leidenschaft f\u00fcr das Wandern teilen und mit uns die Natur genie\u00dfen m\u00f6chten. Wenn auch Du Teil unserer Wanderfamilie werden m\u00f6chtest, dann melde Dich einfach bei uns. Wir freuen uns auf Dich!<\/p>\t\t\t\t\t\t\t\t<\/div>\n\t\t\t\t<\/div>\n\t\t\t\t\t<\/div>\n\t\t<\/div>\n\t\t\t\t\t<\/div>\n\t\t<\/section>\n\t\t\t\t<section class=\"elementor-section elementor-top-section elementor-element elementor-element-aac4e29 elementor-section-boxed elementor-section-height-default elementor-section-height-default\" data-id=\"aac4e29\" data-element_type=\"section\" data-e-type=\"section\">\n\t\t\t\t\t\t<div class=\"elementor-container elementor-column-gap-default\">\n\t\t\t\t\t<div class=\"elementor-column elementor-col-100 elementor-top-column elementor-element elementor-element-2fc6e15\" data-id=\"2fc6e15\" data-element_type=\"column\" data-e-type=\"column\">\n\t\t\t<div class=\"elementor-widget-wrap elementor-element-populated\">\n\t\t\t\t\t\t<div class=\"elementor-element elementor-element-78888d2 elementor-widget-divider--view-line elementor-widget elementor-widget-divider\" data-id=\"78888d2\" data-element_type=\"widget\" data-e-type=\"widget\" data-widget_type=\"divider.default\">\n\t\t\t\t<div class=\"elementor-widget-container\">\n\t\t\t\t\t\t\t<div class=\"elementor-divider\">\n\t\t\t<span class=\"elementor-divider-separator\">\n\t\t\t\t\t\t<\/span>\n\t\t<\/div>\n\t\t\t\t\t\t<\/div>\n\t\t\t\t<\/div>\n\t\t\t\t\t<\/div>\n\t\t<\/div>\n\t\t\t\t\t<\/div>\n\t\t<\/section>\n\t\t\t\t<section class=\"elementor-section elementor-top-section elementor-element elementor-element-15d9cd5 elementor-section-boxed elementor-section-height-default elementor-section-height-default\" data-id=\"15d9cd5\" data-element_type=\"section\" data-e-type=\"section\">\n\t\t\t\t\t\t<div class=\"elementor-container elementor-column-gap-default\">\n\t\t\t\t\t<div class=\"elementor-column elementor-col-100 elementor-top-column elementor-element elementor-element-433c65b\" data-id=\"433c65b\" data-element_type=\"column\" data-e-type=\"column\">\n\t\t\t<div class=\"elementor-widget-wrap elementor-element-populated\">\n\t\t\t\t\t\t<div class=\"elementor-element elementor-element-edbbd6b elementor-widget elementor-widget-heading\" data-id=\"edbbd6b\" data-element_type=\"widget\" data-e-type=\"widget\" data-widget_type=\"heading.default\">\n\t\t\t\t<div class=\"elementor-widget-container\">\n\t\t\t\t\t<h2 class=\"elementor-heading-title elementor-size-default\">9. Wandermarathon 21.09.2025<\/h2>\t\t\t\t<\/div>\n\t\t\t\t<\/div>\n\t\t\t\t\t<\/div>\n\t\t<\/div>\n\t\t\t\t\t<\/div>\n\t\t<\/section>\n\t\t\t\t<section class=\"elementor-section elementor-top-section elementor-element elementor-element-405398a elementor-section-boxed elementor-section-height-default elementor-section-height-default\" data-id=\"405398a\" data-element_type=\"section\" data-e-type=\"section\">\n\t\t\t\t\t\t<div class=\"elementor-container elementor-column-gap-default\">\n\t\t\t\t\t<div class=\"elementor-column elementor-col-100 elementor-top-column elementor-element elementor-element-601eb11\" data-id=\"601eb11\" data-element_type=\"column\" data-e-type=\"column\">\n\t\t\t<div class=\"elementor-widget-wrap elementor-element-populated\">\n\t\t\t\t\t\t<div class=\"elementor-element elementor-element-3a68a00 elementor-widget elementor-widget-image\" data-id=\"3a68a00\" data-element_type=\"widget\" data-e-type=\"widget\" data-widget_type=\"image.default\">\n\t\t\t\t<div class=\"elementor-widget-container\">\n\t\t\t\t\t\t\t\t\t\t\t\t\t\t\t<img fetchpriority=\"high\" decoding=\"async\" width=\"525\" height=\"311\" src=\"https:\/\/wanderfreunde-rhein-sieg.info\/wp-content\/uploads\/2025\/09\/Wandermarathon-25.jpg\" class=\"attachment-large size-large wp-image-5445\" alt=\"\" srcset=\"https:\/\/wanderfreunde-rhein-sieg.info\/wp-content\/uploads\/2025\/09\/Wandermarathon-25.jpg 1018w, https:\/\/wanderfreunde-rhein-sieg.info\/wp-content\/uploads\/2025\/09\/Wandermarathon-25-300x178.jpg 300w, https:\/\/wanderfreunde-rhein-sieg.info\/wp-content\/uploads\/2025\/09\/Wandermarathon-25-768x456.jpg 768w\" sizes=\"100vw\" \/>\t\t\t\t\t\t\t\t\t\t\t\t\t\t\t<\/div>\n\t\t\t\t<\/div>\n\t\t\t\t<div class=\"elementor-element elementor-element-11c9f62 elementor-widget__width-initial elementor-widget elementor-widget-text-editor\" data-id=\"11c9f62\" data-element_type=\"widget\" data-e-type=\"widget\" data-widget_type=\"text-editor.default\">\n\t\t\t\t<div class=\"elementor-widget-container\">\n\t\t\t\t\t\t\t\t\t<p>Am 21.9. machten sich auch in diesem Jahr wieder 12 hoch motivierte Wanderfreunde auf den Weg, die anfangs unendliche Strecke von 42,2 km zu \u00fcberwinden. Startpunkt war die Abflughalle im Flughafen K\u00f6ln\/Bonn. Von dort ging es dann in den K\u00f6nigsforst, \u00fcber den Monte Troodel\u00f6h, vorbei an Bensberg und R\u00f6srath in die Wahner Heide. Dort wartete nach 2\/3 der Strecke der Versorgungswagen mit Wasser, Kaffee und Kuchen. Gest\u00e4rkt konnten dann die letzten 14 Kilometer in Angriff genommen werden. Mit einer hervorragenden Zeit von weniger als 9 \u00bd Stunden freuten sich alle Teilnehmer \u00fcber den Zieleinlauf am Troisdorfer Bahnhof und eine gem\u00fctliche Einkehr, traditionsgem\u00e4\u00df im dortigen Restaurant Ekici.<\/p><p><strong>Save the date hie\u00df es dann f\u00fcr den 10. Wandermarathon der Wanderfreunde Rhein-Sieg am 20.09.2026.<\/strong><\/p>\t\t\t\t\t\t\t\t<\/div>\n\t\t\t\t<\/div>\n\t\t\t\t<div class=\"elementor-element elementor-element-c9029bd elementor-widget-divider--view-line elementor-widget elementor-widget-divider\" data-id=\"c9029bd\" data-element_type=\"widget\" data-e-type=\"widget\" data-widget_type=\"divider.default\">\n\t\t\t\t<div class=\"elementor-widget-container\">\n\t\t\t\t\t\t\t<div class=\"elementor-divider\">\n\t\t\t<span class=\"elementor-divider-separator\">\n\t\t\t\t\t\t<\/span>\n\t\t<\/div>\n\t\t\t\t\t\t<\/div>\n\t\t\t\t<\/div>\n\t\t\t\t\t<\/div>\n\t\t<\/div>\n\t\t\t\t\t<\/div>\n\t\t<\/section>\n\t\t\t\t<section class=\"elementor-section elementor-top-section elementor-element elementor-element-5f955ad elementor-section-boxed elementor-section-height-default elementor-section-height-default\" data-id=\"5f955ad\" data-element_type=\"section\" data-e-type=\"section\">\n\t\t\t\t\t\t<div class=\"elementor-container elementor-column-gap-default\">\n\t\t\t\t\t<div class=\"elementor-column elementor-col-100 elementor-top-column elementor-element elementor-element-1549956\" data-id=\"1549956\" data-element_type=\"column\" data-e-type=\"column\">\n\t\t\t<div class=\"elementor-widget-wrap elementor-element-populated\">\n\t\t\t\t\t\t<div class=\"elementor-element elementor-element-ee1a294 elementor-widget elementor-widget-heading\" data-id=\"ee1a294\" data-element_type=\"widget\" data-e-type=\"widget\" data-widget_type=\"heading.default\">\n\t\t\t\t<div class=\"elementor-widget-container\">\n\t\t\t\t\t<h2 class=\"elementor-heading-title elementor-size-default\">Wanderwoche 2024 im Schwarzwald<\/h2>\t\t\t\t<\/div>\n\t\t\t\t<\/div>\n\t\t\t\t\t<\/div>\n\t\t<\/div>\n\t\t\t\t\t<\/div>\n\t\t<\/section>\n\t\t\t\t<section class=\"elementor-section elementor-top-section elementor-element elementor-element-f8b0f61 elementor-section-boxed elementor-section-height-default elementor-section-height-default\" data-id=\"f8b0f61\" data-element_type=\"section\" data-e-type=\"section\">\n\t\t\t\t\t\t<div class=\"elementor-container elementor-column-gap-default\">\n\t\t\t\t\t<div class=\"elementor-column elementor-col-33 elementor-top-column elementor-element elementor-element-62bbc25\" data-id=\"62bbc25\" data-element_type=\"column\" data-e-type=\"column\">\n\t\t\t<div class=\"elementor-widget-wrap elementor-element-populated\">\n\t\t\t\t\t\t<div class=\"elementor-element elementor-element-76f05f0 elementor-widget elementor-widget-text-editor\" data-id=\"76f05f0\" data-element_type=\"widget\" data-e-type=\"widget\" data-widget_type=\"text-editor.default\">\n\t\t\t\t<div class=\"elementor-widget-container\">\n\t\t\t\t\t\t\t\t\t<p>Eine gelungene Wanderwoche haben zw\u00f6lf Vereinsmitglieder zusammen mit Wanderf\u00fchrer Jochen Ende August im Schwarzwald erlebt. Nachhaltig angereist mit der Deutschen Bahn wurde in der JH Freudenstadt \u00fcbernachtet. Von dort ging es dann nach dem Fr\u00fchst\u00fcck und gut gelaunt mit dem Bus zum Start der jeweiligen Tageswanderung. Das Wetter war hervorragend und alle Teilnehmer freuten sich \u00fcber die abwechslungsreichen Naturpfade. Eine Wegstrecke schloss mit einer eindrucksvollen Brauereibesichtigung und geselligen Bierprobe ab. Bei der abendlichen Einkehr und dem gem\u00fctlichen Beisammensein wurde wieder Kraft f\u00fcr den n\u00e4chsten Tag gesammelt. Auch unser Begleithund hatte seine Freude an den sechs Wanderungen mit insgesamt 109 km Wanderstrecke, wobei es 2050 m bergauf und 2830 m bergab ging. Nach sechs Tagen\u00a0sind dann alle wieder gut zu Hause angekommen.<\/p>\t\t\t\t\t\t\t\t<\/div>\n\t\t\t\t<\/div>\n\t\t\t\t\t<\/div>\n\t\t<\/div>\n\t\t\t\t<div class=\"elementor-column elementor-col-66 elementor-top-column elementor-element elementor-element-6af905a\" data-id=\"6af905a\" data-element_type=\"column\" data-e-type=\"column\">\n\t\t\t<div class=\"elementor-widget-wrap elementor-element-populated\">\n\t\t\t\t\t\t<div class=\"elementor-element elementor-element-8872373 elementor-widget elementor-widget-image\" data-id=\"8872373\" data-element_type=\"widget\" data-e-type=\"widget\" data-widget_type=\"image.default\">\n\t\t\t\t<div class=\"elementor-widget-container\">\n\t\t\t\t\t\t\t\t\t\t\t\t\t\t\t<img decoding=\"async\" width=\"525\" height=\"478\" src=\"https:\/\/wanderfreunde-rhein-sieg.info\/wp-content\/uploads\/2024\/09\/1000055815-1024x932.jpg\" class=\"attachment-large size-large wp-image-3458\" alt=\"\" srcset=\"https:\/\/wanderfreunde-rhein-sieg.info\/wp-content\/uploads\/2024\/09\/1000055815-1024x932.jpg 1024w, https:\/\/wanderfreunde-rhein-sieg.info\/wp-content\/uploads\/2024\/09\/1000055815-300x273.jpg 300w, https:\/\/wanderfreunde-rhein-sieg.info\/wp-content\/uploads\/2024\/09\/1000055815-768x699.jpg 768w, https:\/\/wanderfreunde-rhein-sieg.info\/wp-content\/uploads\/2024\/09\/1000055815-1536x1399.jpg 1536w, https:\/\/wanderfreunde-rhein-sieg.info\/wp-content\/uploads\/2024\/09\/1000055815.jpg 1600w\" sizes=\"100vw\" \/>\t\t\t\t\t\t\t\t\t\t\t\t\t\t\t<\/div>\n\t\t\t\t<\/div>\n\t\t\t\t<div class=\"elementor-element elementor-element-fcb6d4a elementor-widget elementor-widget-image\" data-id=\"fcb6d4a\" data-element_type=\"widget\" data-e-type=\"widget\" data-widget_type=\"image.default\">\n\t\t\t\t<div class=\"elementor-widget-container\">\n\t\t\t\t\t\t\t\t\t\t\t\t\t\t\t<img decoding=\"async\" width=\"525\" height=\"525\" src=\"https:\/\/wanderfreunde-rhein-sieg.info\/wp-content\/uploads\/2024\/09\/1000055794-1024x1024.jpg\" class=\"attachment-large size-large wp-image-3457\" alt=\"\" srcset=\"https:\/\/wanderfreunde-rhein-sieg.info\/wp-content\/uploads\/2024\/09\/1000055794-1024x1024.jpg 1024w, https:\/\/wanderfreunde-rhein-sieg.info\/wp-content\/uploads\/2024\/09\/1000055794-300x300.jpg 300w, https:\/\/wanderfreunde-rhein-sieg.info\/wp-content\/uploads\/2024\/09\/1000055794-150x150.jpg 150w, https:\/\/wanderfreunde-rhein-sieg.info\/wp-content\/uploads\/2024\/09\/1000055794-768x768.jpg 768w, https:\/\/wanderfreunde-rhein-sieg.info\/wp-content\/uploads\/2024\/09\/1000055794-100x100.jpg 100w, https:\/\/wanderfreunde-rhein-sieg.info\/wp-content\/uploads\/2024\/09\/1000055794.jpg 1496w\" sizes=\"100vw\" \/>\t\t\t\t\t\t\t\t\t\t\t\t\t\t\t<\/div>\n\t\t\t\t<\/div>\n\t\t\t\t<div class=\"elementor-element elementor-element-91071d1 elementor-widget elementor-widget-image\" data-id=\"91071d1\" data-element_type=\"widget\" data-e-type=\"widget\" data-widget_type=\"image.default\">\n\t\t\t\t<div class=\"elementor-widget-container\">\n\t\t\t\t\t\t\t\t\t\t\t\t\t\t\t<img loading=\"lazy\" decoding=\"async\" width=\"525\" height=\"700\" src=\"https:\/\/wanderfreunde-rhein-sieg.info\/wp-content\/uploads\/2024\/09\/1000055552-768x1024.jpg\" class=\"attachment-large size-large wp-image-3456\" alt=\"\" srcset=\"https:\/\/wanderfreunde-rhein-sieg.info\/wp-content\/uploads\/2024\/09\/1000055552-768x1024.jpg 768w, https:\/\/wanderfreunde-rhein-sieg.info\/wp-content\/uploads\/2024\/09\/1000055552-225x300.jpg 225w, https:\/\/wanderfreunde-rhein-sieg.info\/wp-content\/uploads\/2024\/09\/1000055552-1152x1536.jpg 1152w, https:\/\/wanderfreunde-rhein-sieg.info\/wp-content\/uploads\/2024\/09\/1000055552.jpg 1200w\" sizes=\"100vw\" \/>\t\t\t\t\t\t\t\t\t\t\t\t\t\t\t<\/div>\n\t\t\t\t<\/div>\n\t\t\t\t\t<\/div>\n\t\t<\/div>\n\t\t\t\t\t<\/div>\n\t\t<\/section>\n\t\t\t\t<section class=\"elementor-section elementor-top-section elementor-element elementor-element-2727ec8 elementor-section-boxed elementor-section-height-default elementor-section-height-default\" data-id=\"2727ec8\" data-element_type=\"section\" data-e-type=\"section\">\n\t\t\t\t\t\t<div class=\"elementor-container elementor-column-gap-default\">\n\t\t\t\t\t<div class=\"elementor-column elementor-col-50 elementor-top-column elementor-element elementor-element-5b20332\" data-id=\"5b20332\" data-element_type=\"column\" data-e-type=\"column\">\n\t\t\t<div class=\"elementor-widget-wrap elementor-element-populated\">\n\t\t\t\t\t\t<div class=\"elementor-element elementor-element-ff3dcd7 elementor-widget elementor-widget-image\" data-id=\"ff3dcd7\" data-element_type=\"widget\" data-e-type=\"widget\" data-widget_type=\"image.default\">\n\t\t\t\t<div class=\"elementor-widget-container\">\n\t\t\t\t\t\t\t\t\t\t\t\t\t\t\t<img loading=\"lazy\" decoding=\"async\" width=\"525\" height=\"394\" src=\"https:\/\/wanderfreunde-rhein-sieg.info\/wp-content\/uploads\/2024\/09\/IMG_20240829_115231-1024x768.jpg\" class=\"attachment-large size-large wp-image-3462\" alt=\"\" srcset=\"https:\/\/wanderfreunde-rhein-sieg.info\/wp-content\/uploads\/2024\/09\/IMG_20240829_115231-1024x768.jpg 1024w, https:\/\/wanderfreunde-rhein-sieg.info\/wp-content\/uploads\/2024\/09\/IMG_20240829_115231-300x225.jpg 300w, https:\/\/wanderfreunde-rhein-sieg.info\/wp-content\/uploads\/2024\/09\/IMG_20240829_115231-768x576.jpg 768w, https:\/\/wanderfreunde-rhein-sieg.info\/wp-content\/uploads\/2024\/09\/IMG_20240829_115231-1536x1152.jpg 1536w, https:\/\/wanderfreunde-rhein-sieg.info\/wp-content\/uploads\/2024\/09\/IMG_20240829_115231-2048x1536.jpg 2048w\" sizes=\"100vw\" \/>\t\t\t\t\t\t\t\t\t\t\t\t\t\t\t<\/div>\n\t\t\t\t<\/div>\n\t\t\t\t\t<\/div>\n\t\t<\/div>\n\t\t\t\t<div class=\"elementor-column elementor-col-50 elementor-top-column elementor-element elementor-element-da2b956\" data-id=\"da2b956\" data-element_type=\"column\" data-e-type=\"column\">\n\t\t\t<div class=\"elementor-widget-wrap elementor-element-populated\">\n\t\t\t\t\t\t<div class=\"elementor-element elementor-element-d0b225b elementor-widget elementor-widget-image\" data-id=\"d0b225b\" data-element_type=\"widget\" data-e-type=\"widget\" data-widget_type=\"image.default\">\n\t\t\t\t<div class=\"elementor-widget-container\">\n\t\t\t\t\t\t\t\t\t\t\t\t\t\t\t<img loading=\"lazy\" decoding=\"async\" width=\"525\" height=\"394\" src=\"https:\/\/wanderfreunde-rhein-sieg.info\/wp-content\/uploads\/2024\/09\/1725008339852-1024x768.jpg\" class=\"attachment-large size-large wp-image-3453\" alt=\"\" srcset=\"https:\/\/wanderfreunde-rhein-sieg.info\/wp-content\/uploads\/2024\/09\/1725008339852-1024x768.jpg 1024w, https:\/\/wanderfreunde-rhein-sieg.info\/wp-content\/uploads\/2024\/09\/1725008339852-300x225.jpg 300w, https:\/\/wanderfreunde-rhein-sieg.info\/wp-content\/uploads\/2024\/09\/1725008339852-768x576.jpg 768w, https:\/\/wanderfreunde-rhein-sieg.info\/wp-content\/uploads\/2024\/09\/1725008339852-1536x1152.jpg 1536w, https:\/\/wanderfreunde-rhein-sieg.info\/wp-content\/uploads\/2024\/09\/1725008339852-2048x1536.jpg 2048w\" sizes=\"100vw\" \/>\t\t\t\t\t\t\t\t\t\t\t\t\t\t\t<\/div>\n\t\t\t\t<\/div>\n\t\t\t\t\t<\/div>\n\t\t<\/div>\n\t\t\t\t\t<\/div>\n\t\t<\/section>\n\t\t\t\t<section class=\"elementor-section elementor-top-section elementor-element elementor-element-50c20a3 elementor-section-boxed elementor-section-height-default elementor-section-height-default\" data-id=\"50c20a3\" data-element_type=\"section\" data-e-type=\"section\">\n\t\t\t\t\t\t<div class=\"elementor-container elementor-column-gap-default\">\n\t\t\t\t\t<div class=\"elementor-column elementor-col-50 elementor-top-column elementor-element elementor-element-afe6577\" data-id=\"afe6577\" data-element_type=\"column\" data-e-type=\"column\">\n\t\t\t<div class=\"elementor-widget-wrap elementor-element-populated\">\n\t\t\t\t\t\t<div class=\"elementor-element elementor-element-c5710fd elementor-widget elementor-widget-image\" data-id=\"c5710fd\" data-element_type=\"widget\" data-e-type=\"widget\" data-widget_type=\"image.default\">\n\t\t\t\t<div class=\"elementor-widget-container\">\n\t\t\t\t\t\t\t\t\t\t\t\t\t\t\t<img loading=\"lazy\" decoding=\"async\" width=\"525\" height=\"700\" src=\"https:\/\/wanderfreunde-rhein-sieg.info\/wp-content\/uploads\/2024\/09\/IMG-20240901-WA0012-768x1024.jpg\" class=\"attachment-large size-large wp-image-3459\" alt=\"\" srcset=\"https:\/\/wanderfreunde-rhein-sieg.info\/wp-content\/uploads\/2024\/09\/IMG-20240901-WA0012-768x1024.jpg 768w, https:\/\/wanderfreunde-rhein-sieg.info\/wp-content\/uploads\/2024\/09\/IMG-20240901-WA0012-225x300.jpg 225w, https:\/\/wanderfreunde-rhein-sieg.info\/wp-content\/uploads\/2024\/09\/IMG-20240901-WA0012-1152x1536.jpg 1152w, https:\/\/wanderfreunde-rhein-sieg.info\/wp-content\/uploads\/2024\/09\/IMG-20240901-WA0012.jpg 1500w\" sizes=\"100vw\" \/>\t\t\t\t\t\t\t\t\t\t\t\t\t\t\t<\/div>\n\t\t\t\t<\/div>\n\t\t\t\t\t<\/div>\n\t\t<\/div>\n\t\t\t\t<div class=\"elementor-column elementor-col-50 elementor-top-column elementor-element elementor-element-fd46f33\" data-id=\"fd46f33\" data-element_type=\"column\" data-e-type=\"column\">\n\t\t\t<div class=\"elementor-widget-wrap elementor-element-populated\">\n\t\t\t\t\t\t<div class=\"elementor-element elementor-element-9a8b9b8 elementor-widget elementor-widget-image\" data-id=\"9a8b9b8\" data-element_type=\"widget\" data-e-type=\"widget\" data-widget_type=\"image.default\">\n\t\t\t\t<div class=\"elementor-widget-container\">\n\t\t\t\t\t\t\t\t\t\t\t\t\t\t\t<img loading=\"lazy\" decoding=\"async\" width=\"525\" height=\"394\" src=\"https:\/\/wanderfreunde-rhein-sieg.info\/wp-content\/uploads\/2024\/09\/1724836401244-1024x768.jpg\" class=\"attachment-large size-large wp-image-3452\" alt=\"\" srcset=\"https:\/\/wanderfreunde-rhein-sieg.info\/wp-content\/uploads\/2024\/09\/1724836401244-1024x768.jpg 1024w, https:\/\/wanderfreunde-rhein-sieg.info\/wp-content\/uploads\/2024\/09\/1724836401244-300x225.jpg 300w, https:\/\/wanderfreunde-rhein-sieg.info\/wp-content\/uploads\/2024\/09\/1724836401244-768x576.jpg 768w, https:\/\/wanderfreunde-rhein-sieg.info\/wp-content\/uploads\/2024\/09\/1724836401244-1536x1152.jpg 1536w, https:\/\/wanderfreunde-rhein-sieg.info\/wp-content\/uploads\/2024\/09\/1724836401244-2048x1536.jpg 2048w\" sizes=\"100vw\" \/>\t\t\t\t\t\t\t\t\t\t\t\t\t\t\t<\/div>\n\t\t\t\t<\/div>\n\t\t\t\t<div class=\"elementor-element elementor-element-11d89ff elementor-widget elementor-widget-image\" data-id=\"11d89ff\" data-element_type=\"widget\" data-e-type=\"widget\" data-widget_type=\"image.default\">\n\t\t\t\t<div class=\"elementor-widget-container\">\n\t\t\t\t\t\t\t\t\t\t\t\t\t\t\t<img loading=\"lazy\" decoding=\"async\" width=\"525\" height=\"395\" src=\"https:\/\/wanderfreunde-rhein-sieg.info\/wp-content\/uploads\/2024\/09\/IMG-20240901-WA0001-1024x771.jpg\" class=\"attachment-large size-large wp-image-3466\" alt=\"\" srcset=\"https:\/\/wanderfreunde-rhein-sieg.info\/wp-content\/uploads\/2024\/09\/IMG-20240901-WA0001-1024x771.jpg 1024w, https:\/\/wanderfreunde-rhein-sieg.info\/wp-content\/uploads\/2024\/09\/IMG-20240901-WA0001-300x226.jpg 300w, https:\/\/wanderfreunde-rhein-sieg.info\/wp-content\/uploads\/2024\/09\/IMG-20240901-WA0001-768x578.jpg 768w, https:\/\/wanderfreunde-rhein-sieg.info\/wp-content\/uploads\/2024\/09\/IMG-20240901-WA0001-1536x1157.jpg 1536w, https:\/\/wanderfreunde-rhein-sieg.info\/wp-content\/uploads\/2024\/09\/IMG-20240901-WA0001.jpg 2040w\" sizes=\"100vw\" \/>\t\t\t\t\t\t\t\t\t\t\t\t\t\t\t<\/div>\n\t\t\t\t<\/div>\n\t\t\t\t\t<\/div>\n\t\t<\/div>\n\t\t\t\t\t<\/div>\n\t\t<\/section>\n\t\t\t\t<section class=\"elementor-section elementor-top-section elementor-element elementor-element-2fa3c5d elementor-section-boxed elementor-section-height-default elementor-section-height-default\" data-id=\"2fa3c5d\" data-element_type=\"section\" data-e-type=\"section\">\n\t\t\t\t\t\t<div class=\"elementor-container elementor-column-gap-default\">\n\t\t\t\t\t<div class=\"elementor-column elementor-col-100 elementor-top-column elementor-element elementor-element-bf69835\" data-id=\"bf69835\" data-element_type=\"column\" data-e-type=\"column\">\n\t\t\t<div class=\"elementor-widget-wrap elementor-element-populated\">\n\t\t\t\t\t\t<div class=\"elementor-element elementor-element-0578242 elementor-widget-divider--view-line_text elementor-widget-divider--element-align-center elementor-widget elementor-widget-divider\" data-id=\"0578242\" data-element_type=\"widget\" data-e-type=\"widget\" data-widget_type=\"divider.default\">\n\t\t\t\t<div class=\"elementor-widget-container\">\n\t\t\t\t\t\t\t<div class=\"elementor-divider\">\n\t\t\t<span class=\"elementor-divider-separator\">\n\t\t\t\t\t\t<\/span>\n\t\t<\/div>\n\t\t\t\t\t\t<\/div>\n\t\t\t\t<\/div>\n\t\t\t\t<div class=\"elementor-element elementor-element-c117fde elementor-widget elementor-widget-heading\" data-id=\"c117fde\" data-element_type=\"widget\" data-e-type=\"widget\" data-widget_type=\"heading.default\">\n\t\t\t\t<div class=\"elementor-widget-container\">\n\t\t\t\t\t<h2 class=\"elementor-heading-title elementor-size-default\">Grillfest der Wanderfreunde  am 29.06.2024<\/h2>\t\t\t\t<\/div>\n\t\t\t\t<\/div>\n\t\t\t\t\t<\/div>\n\t\t<\/div>\n\t\t\t\t\t<\/div>\n\t\t<\/section>\n\t\t\t\t<section class=\"elementor-section elementor-top-section elementor-element elementor-element-bcca5ee elementor-section-boxed elementor-section-height-default elementor-section-height-default\" data-id=\"bcca5ee\" data-element_type=\"section\" data-e-type=\"section\">\n\t\t\t\t\t\t<div class=\"elementor-container elementor-column-gap-default\">\n\t\t\t\t\t<div class=\"elementor-column elementor-col-100 elementor-top-column elementor-element elementor-element-4c99725\" data-id=\"4c99725\" data-element_type=\"column\" data-e-type=\"column\">\n\t\t\t<div class=\"elementor-widget-wrap elementor-element-populated\">\n\t\t\t\t\t\t<div class=\"elementor-element elementor-element-301c200 elementor-widget elementor-widget-text-editor\" data-id=\"301c200\" data-element_type=\"widget\" data-e-type=\"widget\" data-widget_type=\"text-editor.default\">\n\t\t\t\t<div class=\"elementor-widget-container\">\n\t\t\t\t\t\t\t\t\t<p>Bei strahlendem Sonnenschein trafen sich die Wanderfreunde Rhein-Sieg zum diesj\u00e4hrigen Grillfest auf dem Gel\u00e4nde des Kanu Clubs Delphin an der Aggerbr\u00fccke in Siegburg. W\u00e4hrend viele Mitglieder mit Wanderf\u00fchrer Harald Saat sich um 10:00 Uhr zu einer kurzen\u00a0 Wanderung aufmachten bereitete das Organisationsteam mit einigen flei\u00dfigen Helfern alles vor. Rekordverd\u00e4chtige 90 Teilnehmer lie\u00dfen es sich dann bei Gegrilltem, Salaten, Kuchen und Getr\u00e4nken gutgehen. Unser Vorsitzender Jochen Friederich dankte den Teilnehmern f\u00fcr mitgebrachte Kuchen und Salatspenden und den Helfern f\u00fcr die tolle Unterst\u00fctzung . Gegen 16:30 Uhr war das Fest zu Ende und dank der flei\u00dfigen Helfer alles wieder aufger\u00e4umt.\u00a0<\/p>\t\t\t\t\t\t\t\t<\/div>\n\t\t\t\t<\/div>\n\t\t\t\t\t<\/div>\n\t\t<\/div>\n\t\t\t\t\t<\/div>\n\t\t<\/section>\n\t\t\t\t<section class=\"elementor-section elementor-top-section elementor-element elementor-element-7f07a6a elementor-section-boxed elementor-section-height-default elementor-section-height-default\" data-id=\"7f07a6a\" data-element_type=\"section\" data-e-type=\"section\">\n\t\t\t\t\t\t<div class=\"elementor-container elementor-column-gap-default\">\n\t\t\t\t\t<div class=\"elementor-column elementor-col-50 elementor-top-column elementor-element elementor-element-2b0dff0\" data-id=\"2b0dff0\" data-element_type=\"column\" data-e-type=\"column\">\n\t\t\t<div class=\"elementor-widget-wrap elementor-element-populated\">\n\t\t\t\t\t\t<div class=\"elementor-element elementor-element-3e9249b elementor-widget elementor-widget-image\" data-id=\"3e9249b\" data-element_type=\"widget\" data-e-type=\"widget\" data-widget_type=\"image.default\">\n\t\t\t\t<div class=\"elementor-widget-container\">\n\t\t\t\t\t\t\t\t\t\t\t\t\t\t\t<img loading=\"lazy\" decoding=\"async\" width=\"525\" height=\"296\" src=\"https:\/\/wanderfreunde-rhein-sieg.info\/wp-content\/uploads\/2024\/06\/IMG-20240629-WA0003-1024x577.jpg\" class=\"attachment-large size-large wp-image-3216\" alt=\"\" srcset=\"https:\/\/wanderfreunde-rhein-sieg.info\/wp-content\/uploads\/2024\/06\/IMG-20240629-WA0003-1024x577.jpg 1024w, https:\/\/wanderfreunde-rhein-sieg.info\/wp-content\/uploads\/2024\/06\/IMG-20240629-WA0003-300x169.jpg 300w, https:\/\/wanderfreunde-rhein-sieg.info\/wp-content\/uploads\/2024\/06\/IMG-20240629-WA0003-768x432.jpg 768w, https:\/\/wanderfreunde-rhein-sieg.info\/wp-content\/uploads\/2024\/06\/IMG-20240629-WA0003-1536x865.jpg 1536w, https:\/\/wanderfreunde-rhein-sieg.info\/wp-content\/uploads\/2024\/06\/IMG-20240629-WA0003.jpg 2048w\" sizes=\"100vw\" \/>\t\t\t\t\t\t\t\t\t\t\t\t\t\t\t<\/div>\n\t\t\t\t<\/div>\n\t\t\t\t\t<\/div>\n\t\t<\/div>\n\t\t\t\t<div class=\"elementor-column elementor-col-50 elementor-top-column elementor-element elementor-element-b9dd570\" data-id=\"b9dd570\" data-element_type=\"column\" data-e-type=\"column\">\n\t\t\t<div class=\"elementor-widget-wrap elementor-element-populated\">\n\t\t\t\t\t\t<div class=\"elementor-element elementor-element-96bb559 elementor-widget elementor-widget-image\" data-id=\"96bb559\" data-element_type=\"widget\" data-e-type=\"widget\" data-widget_type=\"image.default\">\n\t\t\t\t<div class=\"elementor-widget-container\">\n\t\t\t\t\t\t\t\t\t\t\t\t\t\t\t<img loading=\"lazy\" decoding=\"async\" width=\"525\" height=\"394\" src=\"https:\/\/wanderfreunde-rhein-sieg.info\/wp-content\/uploads\/2024\/06\/IMG-20240629-WA0025-1024x768.jpg\" class=\"attachment-large size-large wp-image-3230\" alt=\"\" srcset=\"https:\/\/wanderfreunde-rhein-sieg.info\/wp-content\/uploads\/2024\/06\/IMG-20240629-WA0025-1024x768.jpg 1024w, https:\/\/wanderfreunde-rhein-sieg.info\/wp-content\/uploads\/2024\/06\/IMG-20240629-WA0025-300x225.jpg 300w, https:\/\/wanderfreunde-rhein-sieg.info\/wp-content\/uploads\/2024\/06\/IMG-20240629-WA0025-768x576.jpg 768w, https:\/\/wanderfreunde-rhein-sieg.info\/wp-content\/uploads\/2024\/06\/IMG-20240629-WA0025-1536x1152.jpg 1536w, https:\/\/wanderfreunde-rhein-sieg.info\/wp-content\/uploads\/2024\/06\/IMG-20240629-WA0025.jpg 1600w\" sizes=\"100vw\" \/>\t\t\t\t\t\t\t\t\t\t\t\t\t\t\t<\/div>\n\t\t\t\t<\/div>\n\t\t\t\t\t<\/div>\n\t\t<\/div>\n\t\t\t\t\t<\/div>\n\t\t<\/section>\n\t\t\t\t<section class=\"elementor-section elementor-top-section elementor-element elementor-element-f29fe2b elementor-section-boxed elementor-section-height-default elementor-section-height-default\" data-id=\"f29fe2b\" data-element_type=\"section\" data-e-type=\"section\">\n\t\t\t\t\t\t<div class=\"elementor-container elementor-column-gap-default\">\n\t\t\t\t\t<div class=\"elementor-column elementor-col-50 elementor-top-column elementor-element elementor-element-6908540\" data-id=\"6908540\" data-element_type=\"column\" data-e-type=\"column\">\n\t\t\t<div class=\"elementor-widget-wrap elementor-element-populated\">\n\t\t\t\t\t\t<div class=\"elementor-element elementor-element-25210a6 elementor-widget elementor-widget-image\" data-id=\"25210a6\" data-element_type=\"widget\" data-e-type=\"widget\" data-widget_type=\"image.default\">\n\t\t\t\t<div class=\"elementor-widget-container\">\n\t\t\t\t\t\t\t\t\t\t\t\t\t\t\t<img loading=\"lazy\" decoding=\"async\" width=\"525\" height=\"394\" src=\"https:\/\/wanderfreunde-rhein-sieg.info\/wp-content\/uploads\/2024\/06\/IMG-20240629-WA0034-1024x768.jpg\" class=\"attachment-large size-large wp-image-3221\" alt=\"\" srcset=\"https:\/\/wanderfreunde-rhein-sieg.info\/wp-content\/uploads\/2024\/06\/IMG-20240629-WA0034-1024x768.jpg 1024w, https:\/\/wanderfreunde-rhein-sieg.info\/wp-content\/uploads\/2024\/06\/IMG-20240629-WA0034-300x225.jpg 300w, https:\/\/wanderfreunde-rhein-sieg.info\/wp-content\/uploads\/2024\/06\/IMG-20240629-WA0034-768x576.jpg 768w, https:\/\/wanderfreunde-rhein-sieg.info\/wp-content\/uploads\/2024\/06\/IMG-20240629-WA0034-1536x1152.jpg 1536w, https:\/\/wanderfreunde-rhein-sieg.info\/wp-content\/uploads\/2024\/06\/IMG-20240629-WA0034.jpg 2000w\" sizes=\"100vw\" \/>\t\t\t\t\t\t\t\t\t\t\t\t\t\t\t<\/div>\n\t\t\t\t<\/div>\n\t\t\t\t<div class=\"elementor-element elementor-element-227e73c elementor-widget elementor-widget-image\" data-id=\"227e73c\" data-element_type=\"widget\" data-e-type=\"widget\" data-widget_type=\"image.default\">\n\t\t\t\t<div class=\"elementor-widget-container\">\n\t\t\t\t\t\t\t\t\t\t\t\t\t\t\t<img loading=\"lazy\" decoding=\"async\" width=\"525\" height=\"394\" src=\"https:\/\/wanderfreunde-rhein-sieg.info\/wp-content\/uploads\/2024\/06\/IMG-20240629-WA0020-1024x768.jpg\" class=\"attachment-large size-large wp-image-3229\" alt=\"\" srcset=\"https:\/\/wanderfreunde-rhein-sieg.info\/wp-content\/uploads\/2024\/06\/IMG-20240629-WA0020-1024x768.jpg 1024w, https:\/\/wanderfreunde-rhein-sieg.info\/wp-content\/uploads\/2024\/06\/IMG-20240629-WA0020-300x225.jpg 300w, https:\/\/wanderfreunde-rhein-sieg.info\/wp-content\/uploads\/2024\/06\/IMG-20240629-WA0020-768x576.jpg 768w, https:\/\/wanderfreunde-rhein-sieg.info\/wp-content\/uploads\/2024\/06\/IMG-20240629-WA0020-1536x1152.jpg 1536w, https:\/\/wanderfreunde-rhein-sieg.info\/wp-content\/uploads\/2024\/06\/IMG-20240629-WA0020.jpg 2000w\" sizes=\"100vw\" \/>\t\t\t\t\t\t\t\t\t\t\t\t\t\t\t<\/div>\n\t\t\t\t<\/div>\n\t\t\t\t\t<\/div>\n\t\t<\/div>\n\t\t\t\t<div class=\"elementor-column elementor-col-50 elementor-top-column elementor-element elementor-element-8e185d8\" data-id=\"8e185d8\" data-element_type=\"column\" data-e-type=\"column\">\n\t\t\t<div class=\"elementor-widget-wrap elementor-element-populated\">\n\t\t\t\t\t\t<div class=\"elementor-element elementor-element-ad36df2 elementor-widget elementor-widget-image\" data-id=\"ad36df2\" data-element_type=\"widget\" data-e-type=\"widget\" data-widget_type=\"image.default\">\n\t\t\t\t<div class=\"elementor-widget-container\">\n\t\t\t\t\t\t\t\t\t\t\t\t\t\t\t<img loading=\"lazy\" decoding=\"async\" width=\"525\" height=\"394\" src=\"https:\/\/wanderfreunde-rhein-sieg.info\/wp-content\/uploads\/2024\/06\/IMG-20240629-WA0022-1-1024x768.jpg\" class=\"attachment-large size-large wp-image-3227\" alt=\"\" srcset=\"https:\/\/wanderfreunde-rhein-sieg.info\/wp-content\/uploads\/2024\/06\/IMG-20240629-WA0022-1-1024x768.jpg 1024w, https:\/\/wanderfreunde-rhein-sieg.info\/wp-content\/uploads\/2024\/06\/IMG-20240629-WA0022-1-300x225.jpg 300w, https:\/\/wanderfreunde-rhein-sieg.info\/wp-content\/uploads\/2024\/06\/IMG-20240629-WA0022-1-768x576.jpg 768w, https:\/\/wanderfreunde-rhein-sieg.info\/wp-content\/uploads\/2024\/06\/IMG-20240629-WA0022-1-1536x1152.jpg 1536w, https:\/\/wanderfreunde-rhein-sieg.info\/wp-content\/uploads\/2024\/06\/IMG-20240629-WA0022-1.jpg 2000w\" sizes=\"100vw\" \/>\t\t\t\t\t\t\t\t\t\t\t\t\t\t\t<\/div>\n\t\t\t\t<\/div>\n\t\t\t\t<div class=\"elementor-element elementor-element-80a28e1 elementor-widget elementor-widget-image\" data-id=\"80a28e1\" data-element_type=\"widget\" data-e-type=\"widget\" data-widget_type=\"image.default\">\n\t\t\t\t<div class=\"elementor-widget-container\">\n\t\t\t\t\t\t\t\t\t\t\t\t\t\t\t<img loading=\"lazy\" decoding=\"async\" width=\"525\" height=\"395\" src=\"https:\/\/wanderfreunde-rhein-sieg.info\/wp-content\/uploads\/2024\/06\/IMG-20240629-WA0050-1024x771.jpg\" class=\"attachment-large size-large wp-image-3232\" alt=\"\" srcset=\"https:\/\/wanderfreunde-rhein-sieg.info\/wp-content\/uploads\/2024\/06\/IMG-20240629-WA0050-1024x771.jpg 1024w, https:\/\/wanderfreunde-rhein-sieg.info\/wp-content\/uploads\/2024\/06\/IMG-20240629-WA0050-300x226.jpg 300w, https:\/\/wanderfreunde-rhein-sieg.info\/wp-content\/uploads\/2024\/06\/IMG-20240629-WA0050-768x578.jpg 768w, https:\/\/wanderfreunde-rhein-sieg.info\/wp-content\/uploads\/2024\/06\/IMG-20240629-WA0050-1536x1157.jpg 1536w, https:\/\/wanderfreunde-rhein-sieg.info\/wp-content\/uploads\/2024\/06\/IMG-20240629-WA0050.jpg 2040w\" sizes=\"100vw\" \/>\t\t\t\t\t\t\t\t\t\t\t\t\t\t\t<\/div>\n\t\t\t\t<\/div>\n\t\t\t\t\t<\/div>\n\t\t<\/div>\n\t\t\t\t\t<\/div>\n\t\t<\/section>\n\t\t\t\t<section class=\"elementor-section elementor-top-section elementor-element elementor-element-15be4be elementor-section-boxed elementor-section-height-default elementor-section-height-default\" data-id=\"15be4be\" data-element_type=\"section\" data-e-type=\"section\">\n\t\t\t\t\t\t<div class=\"elementor-container elementor-column-gap-default\">\n\t\t\t\t\t<div class=\"elementor-column elementor-col-50 elementor-top-column elementor-element elementor-element-35e7dac\" data-id=\"35e7dac\" data-element_type=\"column\" data-e-type=\"column\">\n\t\t\t<div class=\"elementor-widget-wrap elementor-element-populated\">\n\t\t\t\t\t\t<div class=\"elementor-element elementor-element-44dc7f1 elementor-widget elementor-widget-image\" data-id=\"44dc7f1\" data-element_type=\"widget\" data-e-type=\"widget\" data-widget_type=\"image.default\">\n\t\t\t\t<div class=\"elementor-widget-container\">\n\t\t\t\t\t\t\t\t\t\t\t\t\t\t\t<img loading=\"lazy\" decoding=\"async\" width=\"525\" height=\"296\" src=\"https:\/\/wanderfreunde-rhein-sieg.info\/wp-content\/uploads\/2024\/06\/IMG-20240629-WA0011-1024x577.jpg\" class=\"attachment-large size-large wp-image-3213\" alt=\"\" srcset=\"https:\/\/wanderfreunde-rhein-sieg.info\/wp-content\/uploads\/2024\/06\/IMG-20240629-WA0011-1024x577.jpg 1024w, https:\/\/wanderfreunde-rhein-sieg.info\/wp-content\/uploads\/2024\/06\/IMG-20240629-WA0011-300x169.jpg 300w, https:\/\/wanderfreunde-rhein-sieg.info\/wp-content\/uploads\/2024\/06\/IMG-20240629-WA0011-768x432.jpg 768w, https:\/\/wanderfreunde-rhein-sieg.info\/wp-content\/uploads\/2024\/06\/IMG-20240629-WA0011-1536x865.jpg 1536w, https:\/\/wanderfreunde-rhein-sieg.info\/wp-content\/uploads\/2024\/06\/IMG-20240629-WA0011.jpg 2048w\" sizes=\"100vw\" \/>\t\t\t\t\t\t\t\t\t\t\t\t\t\t\t<\/div>\n\t\t\t\t<\/div>\n\t\t\t\t<div class=\"elementor-element elementor-element-c3f49c4 elementor-widget elementor-widget-image\" data-id=\"c3f49c4\" data-element_type=\"widget\" data-e-type=\"widget\" data-widget_type=\"image.default\">\n\t\t\t\t<div class=\"elementor-widget-container\">\n\t\t\t\t\t\t\t\t\t\t\t\t\t\t\t<img loading=\"lazy\" decoding=\"async\" width=\"525\" height=\"296\" src=\"https:\/\/wanderfreunde-rhein-sieg.info\/wp-content\/uploads\/2024\/06\/IMG-20240629-WA0009-1-1024x577.jpg\" class=\"attachment-large size-large wp-image-3224\" alt=\"\" srcset=\"https:\/\/wanderfreunde-rhein-sieg.info\/wp-content\/uploads\/2024\/06\/IMG-20240629-WA0009-1-1024x577.jpg 1024w, https:\/\/wanderfreunde-rhein-sieg.info\/wp-content\/uploads\/2024\/06\/IMG-20240629-WA0009-1-300x169.jpg 300w, https:\/\/wanderfreunde-rhein-sieg.info\/wp-content\/uploads\/2024\/06\/IMG-20240629-WA0009-1-768x432.jpg 768w, https:\/\/wanderfreunde-rhein-sieg.info\/wp-content\/uploads\/2024\/06\/IMG-20240629-WA0009-1-1536x865.jpg 1536w, https:\/\/wanderfreunde-rhein-sieg.info\/wp-content\/uploads\/2024\/06\/IMG-20240629-WA0009-1.jpg 2048w\" sizes=\"100vw\" \/>\t\t\t\t\t\t\t\t\t\t\t\t\t\t\t<\/div>\n\t\t\t\t<\/div>\n\t\t\t\t\t<\/div>\n\t\t<\/div>\n\t\t\t\t<div class=\"elementor-column elementor-col-50 elementor-top-column elementor-element elementor-element-b024366\" data-id=\"b024366\" data-element_type=\"column\" data-e-type=\"column\">\n\t\t\t<div class=\"elementor-widget-wrap elementor-element-populated\">\n\t\t\t\t\t\t<div class=\"elementor-element elementor-element-7ae5413 elementor-widget elementor-widget-image\" data-id=\"7ae5413\" data-element_type=\"widget\" data-e-type=\"widget\" data-widget_type=\"image.default\">\n\t\t\t\t<div class=\"elementor-widget-container\">\n\t\t\t\t\t\t\t\t\t\t\t\t\t\t\t<img loading=\"lazy\" decoding=\"async\" width=\"525\" height=\"296\" src=\"https:\/\/wanderfreunde-rhein-sieg.info\/wp-content\/uploads\/2024\/06\/IMG-20240629-WA0008-1024x577.jpg\" class=\"attachment-large size-large wp-image-3218\" alt=\"\" srcset=\"https:\/\/wanderfreunde-rhein-sieg.info\/wp-content\/uploads\/2024\/06\/IMG-20240629-WA0008-1024x577.jpg 1024w, https:\/\/wanderfreunde-rhein-sieg.info\/wp-content\/uploads\/2024\/06\/IMG-20240629-WA0008-300x169.jpg 300w, https:\/\/wanderfreunde-rhein-sieg.info\/wp-content\/uploads\/2024\/06\/IMG-20240629-WA0008-768x432.jpg 768w, https:\/\/wanderfreunde-rhein-sieg.info\/wp-content\/uploads\/2024\/06\/IMG-20240629-WA0008-1536x865.jpg 1536w, https:\/\/wanderfreunde-rhein-sieg.info\/wp-content\/uploads\/2024\/06\/IMG-20240629-WA0008.jpg 2048w\" sizes=\"100vw\" \/>\t\t\t\t\t\t\t\t\t\t\t\t\t\t\t<\/div>\n\t\t\t\t<\/div>\n\t\t\t\t<div class=\"elementor-element elementor-element-cf1b330 elementor-widget elementor-widget-image\" data-id=\"cf1b330\" data-element_type=\"widget\" data-e-type=\"widget\" data-widget_type=\"image.default\">\n\t\t\t\t<div class=\"elementor-widget-container\">\n\t\t\t\t\t\t\t\t\t\t\t\t\t\t\t<img loading=\"lazy\" decoding=\"async\" width=\"525\" height=\"394\" src=\"https:\/\/wanderfreunde-rhein-sieg.info\/wp-content\/uploads\/2024\/06\/IMG-20240629-WA0019-1024x768.jpg\" class=\"attachment-large size-large wp-image-3219\" alt=\"\" srcset=\"https:\/\/wanderfreunde-rhein-sieg.info\/wp-content\/uploads\/2024\/06\/IMG-20240629-WA0019-1024x768.jpg 1024w, https:\/\/wanderfreunde-rhein-sieg.info\/wp-content\/uploads\/2024\/06\/IMG-20240629-WA0019-300x225.jpg 300w, https:\/\/wanderfreunde-rhein-sieg.info\/wp-content\/uploads\/2024\/06\/IMG-20240629-WA0019-768x576.jpg 768w, https:\/\/wanderfreunde-rhein-sieg.info\/wp-content\/uploads\/2024\/06\/IMG-20240629-WA0019-1536x1152.jpg 1536w, https:\/\/wanderfreunde-rhein-sieg.info\/wp-content\/uploads\/2024\/06\/IMG-20240629-WA0019.jpg 2000w\" sizes=\"100vw\" \/>\t\t\t\t\t\t\t\t\t\t\t\t\t\t\t<\/div>\n\t\t\t\t<\/div>\n\t\t\t\t\t<\/div>\n\t\t<\/div>\n\t\t\t\t\t<\/div>\n\t\t<\/section>\n\t\t\t\t<section class=\"elementor-section elementor-top-section elementor-element elementor-element-12f0221 elementor-section-boxed elementor-section-height-default elementor-section-height-default\" data-id=\"12f0221\" data-element_type=\"section\" data-e-type=\"section\">\n\t\t\t\t\t\t<div class=\"elementor-container elementor-column-gap-default\">\n\t\t\t\t\t<div class=\"elementor-column elementor-col-100 elementor-top-column elementor-element elementor-element-3b4732b\" data-id=\"3b4732b\" data-element_type=\"column\" data-e-type=\"column\">\n\t\t\t<div class=\"elementor-widget-wrap elementor-element-populated\">\n\t\t\t\t\t\t<div class=\"elementor-element elementor-element-78647f0 elementor-widget elementor-widget-video\" data-id=\"78647f0\" data-element_type=\"widget\" data-e-type=\"widget\" data-settings=\"{&quot;video_type&quot;:&quot;hosted&quot;,&quot;controls&quot;:&quot;yes&quot;}\" data-widget_type=\"video.default\">\n\t\t\t\t<div class=\"elementor-widget-container\">\n\t\t\t\t\t\t\t<div class=\"e-hosted-video elementor-wrapper elementor-open-inline\">\n\t\t\t\t\t<video class=\"elementor-video\" src=\"https:\/\/wanderfreunde-rhein-sieg.info\/wp-content\/uploads\/2024\/06\/VID-20240630-WA0003.mp4\" controls=\"\" preload=\"metadata\" controlsList=\"nodownload\"><\/video>\n\t\t\t\t<\/div>\n\t\t\t\t\t\t<\/div>\n\t\t\t\t<\/div>\n\t\t\t\t\t<\/div>\n\t\t<\/div>\n\t\t\t\t\t<\/div>\n\t\t<\/section>\n\t\t\t\t<\/div>\n\t\t","protected":false},"excerpt":{"rendered":"<p>Folge dem Kanal Wanderfreunde Rhein-Sieg e.V. auf WhatsApp Liebe Wanderfreunde, wir m\u00f6chten euch herzlich im Namen unseres Wandervereins begr\u00fc\u00dfen und freuen uns \u00fcber euer Interesse an unseren Aktivit\u00e4ten. Unser Verein bietet zahlreiche M\u00f6glichkeiten, um gemeinsam die sch\u00f6nsten Wanderwege der Region zu erkunden. Ob leichte Wanderungen durch idyllische Landschaften oder anspruchsvolle Touren, bei uns findet jeder &hellip; <\/p>\n<p class=\"link-more\"><a href=\"https:\/\/wanderfreunde-rhein-sieg.info\/\" class=\"more-link\"><span class=\"screen-reader-text\">\u201eStartseite\u201c<\/span> weiterlesen<\/a><\/p>\n","protected":false},"author":1,"featured_media":0,"parent":0,"menu_order":0,"comment_status":"closed","ping_status":"closed","template":"","meta":{"footnotes":""},"class_list":["post-8","page","type-page","status-publish","hentry"],"jetpack_sharing_enabled":true,"_links":{"self":[{"href":"https:\/\/wanderfreunde-rhein-sieg.info\/index.php?rest_route=\/wp\/v2\/pages\/8","targetHints":{"allow":["GET"]}}],"collection":[{"href":"https:\/\/wanderfreunde-rhein-sieg.info\/index.php?rest_route=\/wp\/v2\/pages"}],"about":[{"href":"https:\/\/wanderfreunde-rhein-sieg.info\/index.php?rest_route=\/wp\/v2\/types\/page"}],"author":[{"embeddable":true,"href":"https:\/\/wanderfreunde-rhein-sieg.info\/index.php?rest_route=\/wp\/v2\/users\/1"}],"replies":[{"embeddable":true,"href":"https:\/\/wanderfreunde-rhein-sieg.info\/index.php?rest_route=%2Fwp%2Fv2%2Fcomments&post=8"}],"version-history":[{"count":79,"href":"https:\/\/wanderfreunde-rhein-sieg.info\/index.php?rest_route=\/wp\/v2\/pages\/8\/revisions"}],"predecessor-version":[{"id":6059,"href":"https:\/\/wanderfreunde-rhein-sieg.info\/index.php?rest_route=\/wp\/v2\/pages\/8\/revisions\/6059"}],"wp:attachment":[{"href":"https:\/\/wanderfreunde-rhein-sieg.info\/index.php?rest_route=%2Fwp%2Fv2%2Fmedia&parent=8"}],"curies":[{"name":"wp","href":"https:\/\/api.w.org\/{rel}","templated":true}]}}