{"id":21,"date":"2023-06-03T19:05:57","date_gmt":"2023-06-03T19:05:57","guid":{"rendered":"http:\/\/wanderfreunde-rhein-sieg.info\/?page_id=21"},"modified":"2026-08-31T18:47:51","modified_gmt":"2026-08-31T18:47:51","slug":"wanderangebot","status":"publish","type":"page","link":"https:\/\/wanderfreunde-rhein-sieg.info\/?page_id=21","title":{"rendered":"Wanderprogramm aktuell"},"content":{"rendered":"\t\t<div data-elementor-type=\"wp-page\" data-elementor-id=\"21\" class=\"elementor elementor-21\">\n\t\t\t\t\t\t<section class=\"elementor-section elementor-top-section elementor-element elementor-element-aeb0531 elementor-section-boxed elementor-section-height-default elementor-section-height-default\" data-id=\"aeb0531\" data-element_type=\"section\" data-e-type=\"section\">\n\t\t\t\t\t\t<div class=\"elementor-container elementor-column-gap-default\">\n\t\t\t\t\t<div class=\"elementor-column elementor-col-100 elementor-top-column elementor-element elementor-element-8d56eeb\" data-id=\"8d56eeb\" data-element_type=\"column\" data-e-type=\"column\">\n\t\t\t<div class=\"elementor-widget-wrap elementor-element-populated\">\n\t\t\t\t\t\t<div class=\"elementor-element elementor-element-3703be6 elementor-widget elementor-widget-heading\" data-id=\"3703be6\" data-element_type=\"widget\" data-e-type=\"widget\" data-widget_type=\"heading.default\">\n\t\t\t\t<div class=\"elementor-widget-container\">\n\t\t\t\t\t<h2 class=\"elementor-heading-title elementor-size-default\">Die n\u00e4chsten Wanderungen<\/h2>\t\t\t\t<\/div>\n\t\t\t\t<\/div>\n\t\t\t\t\t<\/div>\n\t\t<\/div>\n\t\t\t\t\t<\/div>\n\t\t<\/section>\n\t\t\t\t<section class=\"elementor-section elementor-top-section elementor-element elementor-element-0652d8f elementor-section-boxed elementor-section-height-default elementor-section-height-default\" data-id=\"0652d8f\" data-element_type=\"section\" data-e-type=\"section\">\n\t\t\t\t\t\t<div class=\"elementor-container elementor-column-gap-default\">\n\t\t\t\t\t<div class=\"elementor-column elementor-col-100 elementor-top-column elementor-element elementor-element-5e54c58\" data-id=\"5e54c58\" data-element_type=\"column\" data-e-type=\"column\">\n\t\t\t<div class=\"elementor-widget-wrap elementor-element-populated\">\n\t\t\t\t\t\t<div class=\"elementor-element elementor-element-13b344d elementor-widget elementor-widget-text-editor\" data-id=\"13b344d\" data-element_type=\"widget\" data-e-type=\"widget\" data-widget_type=\"text-editor.default\">\n\t\t\t\t<div class=\"elementor-widget-container\">\n\t\t\t\t\t\t\t\t\t<p style=\"text-align: center;\"><span style=\"color: #003366;\"><strong>Liebe Wanderfreunde,<\/strong><\/span><\/p><p style=\"text-align: center;\"><span style=\"color: #003366;\"><strong>nur die nachfolgend aufgelisteten Touren sind aktuell und enthalten alle \u00c4nderungen.<\/strong><\/span><\/p>\t\t\t\t\t\t\t\t<\/div>\n\t\t\t\t<\/div>\n\t\t\t\t<div class=\"elementor-element elementor-element-8e829e9 elementor-align-center elementor-widget elementor-widget-button\" data-id=\"8e829e9\" data-element_type=\"widget\" data-e-type=\"widget\" data-widget_type=\"button.default\">\n\t\t\t\t<div class=\"elementor-widget-container\">\n\t\t\t\t\t\t\t\t\t<div class=\"elementor-button-wrapper\">\n\t\t\t\t\t<a class=\"elementor-button elementor-button-link elementor-size-sm\" href=\"https:\/\/whatsapp.com\/channel\/0029VbCd5RX0bIdufzD2rj2W\">\n\t\t\t\t\t\t<span class=\"elementor-button-content-wrapper\">\n\t\t\t\t\t\t<span class=\"elementor-button-icon\">\n\t\t\t\t<i aria-hidden=\"true\" class=\"far fa-comments\"><\/i>\t\t\t<\/span>\n\t\t\t\t\t\t\t\t\t<span class=\"elementor-button-text\">Wollt ihr es noch aktueller haben, dann folgt gerne dem Kanal Wanderfreunde Rhein-Sieg e.V. auf WhatsApp<\/span>\n\t\t\t\t\t<\/span>\n\t\t\t\t\t<\/a>\n\t\t\t\t<\/div>\n\t\t\t\t\t\t\t\t<\/div>\n\t\t\t\t<\/div>\n\t\t\t\t\t<\/div>\n\t\t<\/div>\n\t\t\t\t\t<\/div>\n\t\t<\/section>\n\t\t\t\t<section class=\"elementor-section elementor-top-section elementor-element elementor-element-b32a468 elementor-section-boxed elementor-section-height-default elementor-section-height-default\" data-id=\"b32a468\" data-element_type=\"section\" data-e-type=\"section\">\n\t\t\t\t\t\t<div class=\"elementor-container elementor-column-gap-default\">\n\t\t\t\t\t<div class=\"elementor-column elementor-col-100 elementor-top-column elementor-element elementor-element-31246bb\" data-id=\"31246bb\" data-element_type=\"column\" data-e-type=\"column\">\n\t\t\t<div class=\"elementor-widget-wrap elementor-element-populated\">\n\t\t\t\t\t\t<div class=\"elementor-element elementor-element-9165b73 elementor-widget elementor-widget-text-editor\" data-id=\"9165b73\" data-element_type=\"widget\" data-e-type=\"widget\" data-widget_type=\"text-editor.default\">\n\t\t\t\t<div class=\"elementor-widget-container\">\n\t\t\t\t\t\t\t\t\t<p><strong>Mittwoch, 02. September 2026: Rundwanderung Bensberg<\/strong> (A\/B, 180 Hm), 10 km. Wanderf\u00fchrerin Norma Selve, Tel.0175 4141119, Abfahrt um 08:23 Uhr mit dem Zug vom Bahnhof Troisdorf (via K\u00f6ln Messe\/Deutz).<\/p><p><strong>Donnerstag, 03.September 2026: Von Neviges bis D\u00fcssel auf dem Neanderlandsteig<\/strong> ( 210 Hm), 12 km. Wanderf\u00fchrerin Ilse Blum Tel.: 015755588817, Abfahrt: Ab Bahnhof Troisdorf 8:57 Uhr \u00fcber K\u00f6ln \/ Messe.<\/p><p><strong>Freitag, 04 September 2026: Gesenkschmiede Hendrichs<\/strong> (LVR Museum mit freiem Eintritt). Hin-und R\u00fcckweg insgesamt 8 km. Wanderf\u00fchrerin Anna Volberg Tel. 017634352508. Abfahrt um 8:18 Uhr Bahnhof Troisdorf \u00fcber (K\u00f6ln Messe\/ Deutz).<\/p><p><strong>Samstag, 05. September 2026: Von Altenahr nach Dernau \u00fcber den Rotweinwanderweg<\/strong> (B\/C, 320 Hm), 15 km. Wanderf\u00fchrer Egon Lang, Tel. 0172 2900660. Abfahrt um 08:47 Uhr mit dem Zug vom Bahnhof Troisdorf.<\/p><p><strong>Sonntag, 06. September 2026: Von Happerscho\u00df um den Steimelskopf nach Pinn<\/strong> (A\/B), 10 km, Wanderf\u00fchrerin Rosi Seul, Tel. 0228 453259 oder 0178 9776898, Abfahrt um 10.00 Uhr mit dem Auto vom Bahnhof in Troisdorf (am Parkhaus) <strong>&#8211; Anmeldung bitte bis zum 05.09.2026!<\/strong><\/p><p><strong>Sonntag, 06. September 2026: Bergischer Weg von Schaberg nach Leichlingen<\/strong> (C\/D, 550 Hm), 24 km. Wanderf\u00fchrerin Anna Volberg Tel. 017634352508. Abfahrt um 7:52 Uhr Bahnhof Troisdorf \u00fcber (K\u00f6ln Messe\/ Deutz).<\/p><p><strong>Mittwoch, 09.September 2026: Von H\u00f6vels nach Wissen<\/strong> (B, 260 Hm), 11 km. Wanderf\u00fchrer Bernhard Thees, Tel. 0151 11941673, Abfahrt um 09:41 Uhr mit dem Zug vom Bahnhof Troisdorf (\u00fcber Siegburg \/Hennef).<\/p><p><strong>Donnerstag, 10.September 2026: Durch die Ohligser Heide ab Lukas Klinik bis Haan (<\/strong>100 Hm) 13 km.\u00a0 Wanderf\u00fchrerin Ilse Blum Tel.: 015755588817. Abfahrt : Troisdorf Bahnhof 8:57 Uhr \u00fcber K\u00f6ln Messe.<\/p><p><strong>Samstag, 12. September 2026: Schloss Ahrental, Runde von Sinzig<\/strong> (200 Hm), 12 km. Wanderf\u00fchrer Gerd Oswald, Tel.: 0171 1289310, Abfahrt um 08:56 Uhr mit dem Zug vom Bahnhof Troisdorf (\u00fcber Bonn Hbf).<\/p><p><strong>Mittwoch, 16. September 2026: Moorwaldweg<\/strong> (A), 10 km. Wanderf\u00fchrer Wolfgang Ufer, Tel. 0176 47524678, Abgang um 09:00 Uhr vom Bahnhof Troisdorf.<\/p><p><strong>Donnerstag, 17.September 2026: Runde im Neandertal<\/strong> (A\/B, 140 Hm), 13 km. Wanderf\u00fchrerin Ilse Blum, Tel.0157 55588817, Abfahrt Troisdorf Bahnhof um 9:23 Uhr \u00fcber K\u00f6ln\/ Messe, Start und Abfahrt Haltestelle Neandertal S.<\/p><p><strong>Samstag, 19. September 2026: Von Porz-Langel \u00fcber die Groov (F\u00e4hre) nach Rodenkirchen<\/strong> (A), 11 km. Wanderf\u00fchrer Harald Saat, Tel. 0151 56159002, Abfahrt um 09:43 Uhr mit dem Zug vom Bahnhof Troisdorf (ab K\u00f6ln-Wahn Bus 117).<\/p><div><b>Sonntag, 20. September 2026:: Auf wundersch\u00f6nen Pfaden \u00fcbers Donnerloch an\/in und durch die Ehrbachklamm\u00a0\u00a0<\/b>( Start und Ziel Brodenbach an der Mosel)\u00a0(C, 310 Hm),\u00a0 18 km,\u00a0 Trittsicherheit erforderlich !\u00a0 Wanderf\u00fchrerin Dorothee Willhoff, Tel. 01575 7898960, Abfahrt um 07:56 Uhr mit dem Zug vom Bahnhof\u00a0<b>Bonn Gleis 3<\/b><\/div><div>\u00a0<\/div><p><strong>Sonntag, 20. September 2026: Wandermarathon<\/strong> 2026 (D), 42 km. Wanderf\u00fchrer Jochen Friederich, Tel. 02241-318646, 0160-90550883, Abfahrt um 07:41 Uhr mit dem Zug vom Bahnhof Troisdorf.<\/p><p><strong>Donnerstag, 24. September 2026: Von Hangelar nach Niederdollendorf<\/strong> (230 Hm), 14 km. Wanderf\u00fchrer Gerd Oswald, Tel.: 0171 1289310, Abfahrt um 09:34 Uhr mit dem Zug vom Bahnhof Troisdorf (\u00fcber Siegburg).<\/p><p><strong>Samstag, 26. September 2026 &#8211; Runde von Nistertal-Bad Marienberg \u00fcber Hahn und Steig-Alm <\/strong>(17 km, 300 Hm, C) Wanderf\u00fchrer J\u00fcrgen Arndt, Tel. 01578 5537269, Abfahrt von Troisdorf Bf 8:41 Uhr \u00fcber Siegburg\/Hennef Umstieg in Au Richtung Limburg. Ankunft und Abmarsch in Bad Marienberg ab 10:11 Uhr. Einkehr unterwegs in Steig-Alm bei km 12.<\/p><p><strong>Sonntag, 27. September 2026: Von Uckerath vorbei an Stadt Blankenberg nach Hennef<\/strong> (130 Hm), 16 km. Wanderf\u00fchrer Harald Saat, Tel. 0151 56159002, Abfahrt um 09:41 Uhr mit dem Zug vom Bahnhof Troisdorf.<\/p><p><strong>Donnerstag, 01. Oktober 2026:<\/strong> <strong>Auf dem Neanderlandsteig ab Ratingen Grevenm\u00fchle entlang des Schwarzbachtals <\/strong>(190 Hm), 15 km. Wanderf\u00fchrerin Ilse Blum, Tel.0157-55588817, Abfahrt um 08:23 Uhr mit dem Zug vom Bahnhof Troisdorf (\u00fcber K\u00f6ln Messe Deutz).<\/p><p><strong>Samstag, 03. Oktober 2026: Runde ab\/bis Uckerath <\/strong>(B\/C, 350 Hm), 20 km. Wanderf\u00fchrer Jochen Friederich, Tel. 02241-318646, 0160-90550883, Abfahrt um 09:07 Uhr mit dem Zug vom Bahnhof Troisdorf (\u00fcber Siegburg\/Hennef).<\/p><p><strong>Mittwoch, 07. Oktober 2026:<\/strong> <strong>Rundwanderung Honrath Bauernhofweg mit Naturpark Bergisches Land<\/strong> (260 Hm, hoch und 260 m wieder runter), ca. 13 km. Wanderf\u00fchrerin Norma Selve, Tel.0175-4141119, Abfahrt um 09:03 Uhr mit dem Zug vom Bahnhof Troisdorf (via Frankfurter Str.).<\/p><p><strong>Samstag, 10. Oktober 2026:<\/strong> <strong>Von Hennef \u00fcber den Geistinger Wald durch Wald und Flur oberhalb des Pleistals bis nach Sand <\/strong>(B, 300 Hm), 15 km. Wanderf\u00fchrer Markus Linten, Tel. 02244-80170, 01578-8523071; Treffpunkt mit dem Wanderf\u00fchrer ist um 10:05 Uhr am Bahnhof Hennef (Gleis 2).<\/p><p><strong>Sonntag, 11. Oktober 2026:<\/strong> <strong>Waldmythenweg bei Waldbr\u00f6l<\/strong> (A\/B), 11 km. Wanderf\u00fchrerin Rosi Seul, Tel. 0228-453259 oder 0178-9776898, Abfahrt um 10.00 Uhr mit dem Auto vom Bahnhof in Troisdorf (am Parkhaus). FK\u00a0 8,50 Euro.\u00a0 <strong>&#8211; Anmeldung bitte bis zum 10.10.2026, 16:00 Uhr!<\/strong><\/p><p><strong>Sonntag, 11. Oktober 2026:<\/strong> <strong>Von Ziegenhardt nach Au (Sieg)<\/strong> (B\/C, 550 Hm), 20 km. Wanderf\u00fchrer Jochen Friederich, Tel. 02241-318646, 0160-90550883, Abfahrt um 08:41 Uhr mit dem Zug vom Bahnhof Troisdorf (\u00fcber Siegburg\/Hennef).<\/p><p><strong>Mittwoch, 14. Oktober 2026:<\/strong> <strong>Runde ab Bechen<\/strong> (200 Hm), 10 km. Wanderf\u00fchrerin Ilse Blum, Tel.0157-55588817, Abfahrt um 09:18 Uhr mit dem Zug vom Bahnhof Troisdorf (\u00fcber K\u00f6ln Messe Deutz und Berg.-Gladbach).<\/p><p><strong>Donnerstag, 15. Oktober 2026:<\/strong> <strong>Von Scheiderh\u00f6he zum Heidek\u00f6nig und weiter nach Troisdorf <\/strong>(200 Hm), 16 km. Wanderf\u00fchrer Harald Saat, Tel. 0151-56159002, Abfahrt um 09:07 Uhr mit dem Zug vom Bahnhof Troisdorf (\u00fcber Siegburg). Ab Siegburg Bus 553.<\/p><p><strong>Samstag, 17. Oktober 2026: Rundwanderung Engelskirchen mit Schlingenbachtal und Loope Bach\u00fcberquerung<\/strong> (600 Hm und 600 m wieder runter), ca. 20 km. Wanderf\u00fchrerin Norma Selve, Tel.0175-4141119, Abfahrt um 09:03 Uhr mit dem Zug vom Bahnhof Troisdorf (via Frankfurter Str.).<\/p><p><strong>Mittwoch, 21. Oktober 2026: Von der Krumbachsm\u00fchle (bei Asbach) ins Mehrbachtal<\/strong> (A), 10 km. Wanderf\u00fchrerin Rosi Seul, Tel. 0228-453259 oder 0178-9776 898, Abfahrt um 10:00 Uhr mit dem Auto von der Kirche Maria K\u00f6nigin (Bl\u00fccherstr.) in Troisdorf <strong>\u2013 Anmeldung bitte bis zum 20.10.2026, 16:00 Uhr!<\/strong><\/p><p><strong>Donnerstag, 22. Oktober 2026: Runde Bad M\u00fcnstereifel<\/strong> (B\/C, 360 Hm), 16 km. Wanderf\u00fchrerin Anna Volberg Tel. 0176-34352508. Abfahrt um 8:03 Uhr Bahnhof Troisdorf \u00fcber (K\u00f6ln Hbf).<\/p><p><strong>Samstag 24. Oktober 2026: Bahnhof Blankenberg &#8211; Burg Blankenberg &#8211; Krabachtal &#8211; Schloss Merten &#8211; Bahnhof Merten<\/strong> (B\/C, 250 Hm), 14 km. Wanderf\u00fchrer Egon Lang, Tel. 0172-2900660. Abfahrt um 09:45 Uhr mit dem Zug vom Bahnhof Troisdorf (\u00fcber Siegburg und Hennef). Start am Bahnhof Blankenberg um 10:10 Uhr.<\/p><p><strong>Samstag, 24. Oktober 2026: EifelBahnsteig \/Blankenheim Wald nach Schmidtheim<\/strong> (C,470 Hm), 25 km. Wanderf\u00fchrerin Dorothee Willhoff, Tel. 01575-7898960, Abfahrt um 07:43 Uhr mit dem Zug vom Bahnhof Troisdorf (\u00fcber K\u00f6ln Messe Deutz).<\/p><p><strong>Sonntag, 25. Oktober 2026: Von Buchholz (Ww.) zur Trasse der alten Br\u00f6ltalbahn <\/strong>(A\/B), 10 km. Wanderf\u00fchrerin Rosi Seul, Tel. 0228-453259 oder 0178-9776898, Abfahrt um 10.00 Uhr mit dem Auto vom Bahnhof in Troisdorf (am Parkhaus). <strong>Anmeldung bitte bis zum 24.10.2026, 16:00 Uhr!<\/strong><\/p><p><strong>Sonntag, 25. Oktober 2026: Panoramarunde ab Overath<\/strong> (360 Hm), 18 km. Wanderf\u00fchrer Harald Saat, Tel. 0151-56159002, Abfahrt um 09:03 Uhr mit dem Zug vom Bahnhof Troisdorf (\u00fcber Frankfurter Str.).<\/p><p><strong>Mittwoch, 28. Oktober 2026: Wir be-(suchen) die Windr\u00e4der in Ruppichteroth<\/strong> (B), 11 km. Wanderf\u00fchrer Bernhard Thees, Tel. 0151-11941673, Abfahrt um 08:54 Uhr mit dem Zug vom Bahnhof Troisdorf (\u00fcber Siegburg \/ Hennef).<\/p><p><strong>Samstag, 31. Oktober 2026: Von Kall nach Gm\u00fcnd<\/strong> (400 Hm), 16 km. Wanderf\u00fchrer Harald Saat, Tel. 0151-56159002, Abfahrt um 08:43 Uhr mit dem Zug vom Bahnhof Troisdorf (\u00fcber K\u00f6ln Hbf).<\/p><p><strong>Mittwoch, 04. November 2026: Von Troisdorf-Bergheim zum Mondorfer Hafen und durch die Siegaue zur\u00fcck<\/strong> (A), 10 km. Wanderf\u00fchrerin Rosi Seul, Tel. 0228-453259 oder 0178-9776 898, Abfahrt um 10:00 Uhr mit dem Auto von der Kirche Maria K\u00f6nigin (Bl\u00fccherstr.) in Troisdorf <strong>\u2013 Anmeldung bitte bis zum 03.11.2026, 16:00 Uhr!<\/strong><\/p><p><strong>Donnerstag, 05. November 2026: Rundwanderung Engelskirchen mit Aggertalh\u00f6hle, R\u00fcnderoth und Haldyturm <\/strong>(330 Hm und 330 m wieder runter), ca. 16 km. Wanderf\u00fchrerin Norma Selve, Tel.0175-4141119, Abfahrt um 09:03 Uhr mit dem Zug vom Bahnhof Troisdorf (via Frankfurter Str.).<\/p><p><strong>Samstag, 07. November 2026: Von Burscheid bis Leverkusen-Schlebusch<\/strong> (100 Hm), 14 km. Wanderf\u00fchrerin Ilse Blum, Tel.0157-55588817, Abfahrt um 09:03 Uhr mit dem Zug vom Bahnhof Troisdorf (\u00fcber K\u00f6ln Messe Deutz).<\/p><p><strong>Sonntag, 08. November 2026: Von Altenkirchen nach Wissen<\/strong> (B\/C, 410 Hm), 20 km. Wanderf\u00fchrer Jochen Friederich, Tel. 02241-318646, 0160-90550883, Abfahrt um 08:41 Uhr mit dem Zug vom Bahnhof Troisdorf (\u00fcber Siegburg\/Hennef).<\/p><p><strong>Donnerstag, 12. November 2026: Rundwanderung mit Blick auf Feckelsberg, Schnellenbach und Metabolon<\/strong> (320 Hm und 320 m wieder runter), ca. 15 km. Wanderf\u00fchrerin Norma Selve, Tel.0175-4141119, Abfahrt um 09:03 Uhr mit dem Zug vom Bahnhof Troisdorf (via Frankfurter Str.).<\/p><p><strong>Samstag, 14. November 2026: Von Heimersheim \u00fcber die Landskrone nach Ahrweiler<\/strong> (B\/C, 350 Hm), 15 km. Wanderf\u00fchrer Egon Lang, Tel. 0172-2900660. Abfahrt um 10:07 Uhr mit dem Zug vom Bahnhof Troisdorf (\u00fcber Siegburg und Bonn Hbf). Start ab Heimersheim Bhf um 11:39 Uhr.<\/p><p><strong>Sonntag, 15. November 2026: Von der Hauser M\u00fchle durchs Wahn- und Wendbachtal<\/strong> (A\/B), 10 km. Wanderf\u00fchrerin Rosi Seul, Tel. 0228-453259 oder 0178-9776898, Abfahrt um 10.00 Uhr mit dem Auto vom Bahnhof in Troisdorf (am Parkhaus). <strong>Anmeldung bitte bis zum 14.11.2026, 16:00 Uhr!<\/strong><\/p><p><strong>Mittwoch, 18. November 2026: Bergische Heideterasse ab Stallberg<\/strong> (A), 10 km. Wanderf\u00fchrer Wolfgang Ufer, Tel. 0176-47524678, Abfahrt um 09:34 Uhr vom Bahnhof Troisdorf (\u00fcber Siegburg).<\/p><p><strong>Donnerstag, 19. November 2026: Von Roisdorf nach Alfter <\/strong>(B, 170 Hm), 16 km. Wanderf\u00fchrerin Anna Volberg Tel. 0176-34352508. Abfahrt um 9:07 Uhr Bahnhof Troisdorf \u00fcber (Siegburg).<\/p><p><strong>Samstag, 21. November 2026: Kermeter Blicke zwischen Olef und Urft, Runde ab Gm\u00fcnd<\/strong> (C, 560 Hm), 19 km. Wanderf\u00fchrerin Dorothee Willhoff, Tel. 01575-7898960, Abfahrt um 07:43 Uhr mit dem Zug vom Bahnhof Troisdorf (\u00fcber K\u00f6ln Messe Deutz).<\/p><p><strong>Sonntag, 22. November 2026: Runde Bauernhofweg ab Wahlscheid<\/strong> (260 Hm), 13 km. Wanderf\u00fchrerin Ilse Blum, Tel.0157-55588817, Abfahrt um 08:54 Uhr mit dem Zug vom Bahnhof Troisdorf (\u00fcber Siegburg, dann Bus 557).<\/p><p><strong>Sonntag, 22. November 2026: Runde ab\/bis Altenkirchen<\/strong> (B\/C,410 Hm), 17 km. Wanderf\u00fchrer Jochen Friederich, Tel. 02241-318646, 0160-90550883, Abfahrt um 08:41 Uhr mit dem Zug vom Bahnhof Troisdorf (\u00fcber Siegburg\/Hennef).<\/p><p><strong>Mittwoch, 25. November 2026: Von Altenrath nach Troisdorf<\/strong> (A), 10 km. Wanderf\u00fchrer Wolfgang Ufer, Tel. 0176-47524678, Abfahrt um 10:16 Uhr vom Bahnhof Troisdorf (Bussteig A).<\/p><p><strong>Samstag, 28. November 2026: Von Panabora \u00fcber Sch\u00f6nenberg nach Schladern<\/strong> (260 Hm), 15 km. Wanderf\u00fchrer Harald Saat, Tel. 0151-56159002, Abfahrt um 08:54 Uhr mit dem Zug vom Bahnhof Troisdorf (\u00fcber Siegburg \/ Hennef). Ab Schladern Bus 342.<\/p><p><strong>Sonntag, 29. November 2026: Jahresabschluss Wanderfreunde Rhein-Sieg e.V., <\/strong>Kleingartenanlage Troisdorf, Uckendorfer Str. (beim HIT).<\/p><p><strong>Donnerstag, 03. Dezember 2026: EifelBahnSteig; von Nettersheim nach Blankenheim<\/strong> (B, 280 Hm), 15 km. Wanderf\u00fchrerin Dorothee Willhoff, Tel. 01575-7898960, Abfahrt um 08:43 Uhr mit dem Zug vom Bahnhof (\u00fcber K\u00f6ln Messe Deutz).<\/p><p><strong>Samstag, 05. Dezember 2026: Von Remagen nach Ahrweiler (nicht \u00fcber die Landskrone) zum Weihnachtsmarkt <\/strong>(C, 400 Hm). 16 km. Wanderf\u00fchrer J\u00fcrgen Arndt, Tel. 01578-5537269, Abfahrt um 09:16 Uhr vom Bf Troisdorf mit dem Bus RE8 \/ RE 5.\u00a0 Ankunft und Abmarsch von Remagen um 10:15 Uhr. Einkehr auf dem Weihnachtsmarkt oder Weingut K\u00f6rtgens.<\/p><p><strong>Sonntag, 06. Dezember 2026:\u00a0 Nikolausfahrt mit dem Vulkanexpress und anschlie\u00dfend &#8222;Traumpfad&#8220; ab T\u00f6nisstein bis Brohl-L\u00fctzing<\/strong> (300 Hm), 14 km. Fahrkosten f\u00fcr den Zug ca. 7,- Euro. Wanderf\u00fchrerin Ilse Blum, Tel.0157-55588817, Abfahrt um 07:32 Uhr mit dem Bus 551 bis Bonn Hbf und weiter mit der RB26 um 08:27 Uhr nach Brohl-L\u00fctzing.<\/p><p><strong>Sonntag, 06. Dezember 2026: Von Windhagen nach Bad Honnef zum Weihnachtsmarkt<\/strong> (B\/C, 270 Hm), 18 km. Wanderf\u00fchrer Jochen Friederich, Tel. 02241-318646, 0160-90550883, Abfahrt um 08:56 Uhr mit dem Zug vom Bahnhof Troisdorf (\u00fcber Ramersdorf\/Bad Honnef).<\/p><p><strong>Mittwoch, 09. Dezember 2026: D\u00f6rferweg Eitorf<\/strong> (B), 11 km. Wanderf\u00fchrer Bernhard Thees, Tel. 0151-11941673, Abfahrt um 09:42 Uhr mit dem Zug vom Bahnhof Troisdorf (\u00fcber Siegburg\/ Hennef).<\/p><p><strong>Samstag, 12. Dezember 2026: Von Overath \u00fcber Eckhausen nach Much<\/strong> (350 Hm), 17 km. Wanderf\u00fchrer Harald Saat, Tel. 0151-56159002, Abfahrt um 09:03 Uhr mit dem Zug vom Bahnhof Troisdorf (\u00fcber Frankfurter Str.).<\/p><p><strong>Sonntag, 13. Dezember 2026: Vom Waldparkplatz Lohmar nach Algert und zur\u00fcck<\/strong> (A), 10 km. Wanderf\u00fchrerin Rosi Seul, Tel. 0228-453259 oder 0178-9776898, Abfahrt um 10.00 Uhr mit dem Auto vom Bahnhof in Troisdorf (am Parkhaus). <strong>Anmeldung bitte bis zum 12.12.2026, 16:00 Uhr!<\/strong><\/p><p><strong>Mittwoch, 16. Dezember 2026:\u00a0 Runde durch das Holzbachtal ab Seelscheid<\/strong> (200 Hm), 11 km. Wanderf\u00fchrerin Ilse Blum, Tel.0157-55588817, Abfahrt um 09:07 Uhr mit dem Zug vom Bahnhof Troisdorf (\u00fcber Siegburg).<\/p><p><strong>Donnerstag, 17. Dezember 2026: Runde Asbach<\/strong> (B, 270 Hm), 18 km. Wanderf\u00fchrerin Anna Volberg Tel. 0176-34352508. Abfahrt um 9:07 Uhr Bahnhof Troisdorf \u00fcber (Siegburg\/Hennef). Start ist Asbach Markt.<\/p><p><strong>Samstag, 19. Dezember 2026: Von Mayscho\u00df nach Ahrweiler \u00fcber den Rotweinwanderweg<\/strong> (B\/C, 250 Hm), 16 km. Wanderf\u00fchrer Egon Lang, Tel. 0172-2900660. Abfahrt um 10:07 Uhr mit dem Zug vom Bahnhof Troisdorf (\u00fcber Siegburg und Bonn Hbf). Start ab Mayscho\u00df Bhf um 12:02 Uhr.<\/p><p><strong>Sonntag, 20. Dezember 2026: Von Rolandseck nach Bad Neuenahr zu den Uferlichtern<\/strong> (B\/C, 390 Hm), 17 km. Wanderf\u00fchrer Jochen Friederich, Tel. 02241-318646, 0160-90550883, Abfahrt um 09:07 Uhr mit dem Zug vom Bahnhof Troisdorf (\u00fcber Siegburg\/Bonn Hbf).<\/p><p><strong>Mittwoch, 26. Dezember 2026: Weihnachtswanderung<\/strong> (A), 10 km. Wanderf\u00fchrer Wolfgang Ufer, Tel. 0176-47524678, Abgang um 10:00 Uhr vom Bahnhof Troisdorf.<\/p><p><strong>Donnerstag, 31. Dezember 2026: Kleine Silversterunde ab Rh\u00f6ndorf nach K\u00f6nigswinter \u00fcber den Drachenfels und Petersberg <\/strong>(380 Hm), 15 km. Wanderf\u00fchrer Harald Saat, Tel. 0151-56159002, Abfahrt um 09:00 Uhr mit dem Zug vom Bahnhof Troisdorf (\u00fcber Bonn-Beuel).<\/p>\t\t\t\t\t\t\t\t<\/div>\n\t\t\t\t<\/div>\n\t\t\t\t\t<\/div>\n\t\t<\/div>\n\t\t\t\t\t<\/div>\n\t\t<\/section>\n\t\t\t\t<section class=\"elementor-section elementor-top-section elementor-element elementor-element-9b82576 elementor-section-boxed elementor-section-height-default elementor-section-height-default\" data-id=\"9b82576\" data-element_type=\"section\" data-e-type=\"section\">\n\t\t\t\t\t\t<div class=\"elementor-container elementor-column-gap-default\">\n\t\t\t\t\t<div class=\"elementor-column elementor-col-25 elementor-top-column elementor-element elementor-element-c2ca55e\" data-id=\"c2ca55e\" data-element_type=\"column\" data-e-type=\"column\">\n\t\t\t<div class=\"elementor-widget-wrap elementor-element-populated\">\n\t\t\t\t\t\t<div class=\"elementor-element elementor-element-8c2e227 elementor-widget elementor-widget-button\" data-id=\"8c2e227\" data-element_type=\"widget\" data-e-type=\"widget\" data-widget_type=\"button.default\">\n\t\t\t\t<div class=\"elementor-widget-container\">\n\t\t\t\t\t\t\t\t\t<div class=\"elementor-button-wrapper\">\n\t\t\t\t\t<a class=\"elementor-button elementor-button-link elementor-size-sm\" href=\"https:\/\/wanderfreunde-rhein-sieg.info\/wp-content\/uploads\/2026\/08\/August-2026-Stand-260812.pdf\">\n\t\t\t\t\t\t<span class=\"elementor-button-content-wrapper\">\n\t\t\t\t\t\t\t\t\t<span class=\"elementor-button-text\">Aug<\/span>\n\t\t\t\t\t<\/span>\n\t\t\t\t\t<\/a>\n\t\t\t\t<\/div>\n\t\t\t\t\t\t\t\t<\/div>\n\t\t\t\t<\/div>\n\t\t\t\t<div class=\"elementor-element elementor-element-0813c82 elementor-widget elementor-widget-button\" data-id=\"0813c82\" data-element_type=\"widget\" data-e-type=\"widget\" data-widget_type=\"button.default\">\n\t\t\t\t<div class=\"elementor-widget-container\">\n\t\t\t\t\t\t\t\t\t<div class=\"elementor-button-wrapper\">\n\t\t\t\t\t<a class=\"elementor-button elementor-button-link elementor-size-sm\" href=\"https:\/\/wanderfreunde-rhein-sieg.info\/wp-content\/uploads\/2026\/08\/Dezember-2026-Stand-260825.pdf\">\n\t\t\t\t\t\t<span class=\"elementor-button-content-wrapper\">\n\t\t\t\t\t\t\t\t\t<span class=\"elementor-button-text\">Dez<\/span>\n\t\t\t\t\t<\/span>\n\t\t\t\t\t<\/a>\n\t\t\t\t<\/div>\n\t\t\t\t\t\t\t\t<\/div>\n\t\t\t\t<\/div>\n\t\t\t\t\t<\/div>\n\t\t<\/div>\n\t\t\t\t<div class=\"elementor-column elementor-col-25 elementor-top-column elementor-element elementor-element-beac3a5\" data-id=\"beac3a5\" data-element_type=\"column\" data-e-type=\"column\">\n\t\t\t<div class=\"elementor-widget-wrap elementor-element-populated\">\n\t\t\t\t\t\t<div class=\"elementor-element elementor-element-dfe86e8 elementor-widget elementor-widget-button\" data-id=\"dfe86e8\" data-element_type=\"widget\" data-e-type=\"widget\" data-widget_type=\"button.default\">\n\t\t\t\t<div class=\"elementor-widget-container\">\n\t\t\t\t\t\t\t\t\t<div class=\"elementor-button-wrapper\">\n\t\t\t\t\t<a class=\"elementor-button elementor-button-link elementor-size-sm\" href=\"https:\/\/wanderfreunde-rhein-sieg.info\/wp-content\/uploads\/2026\/08\/September-2026-Stand-260831.pdf\">\n\t\t\t\t\t\t<span class=\"elementor-button-content-wrapper\">\n\t\t\t\t\t\t\t\t\t<span class=\"elementor-button-text\">Sep<\/span>\n\t\t\t\t\t<\/span>\n\t\t\t\t\t<\/a>\n\t\t\t\t<\/div>\n\t\t\t\t\t\t\t\t<\/div>\n\t\t\t\t<\/div>\n\t\t\t\t\t<\/div>\n\t\t<\/div>\n\t\t\t\t<div class=\"elementor-column elementor-col-25 elementor-top-column elementor-element elementor-element-c23076a\" data-id=\"c23076a\" data-element_type=\"column\" data-e-type=\"column\">\n\t\t\t<div class=\"elementor-widget-wrap elementor-element-populated\">\n\t\t\t\t\t\t<div class=\"elementor-element elementor-element-db8277e elementor-widget elementor-widget-button\" data-id=\"db8277e\" data-element_type=\"widget\" data-e-type=\"widget\" data-widget_type=\"button.default\">\n\t\t\t\t<div class=\"elementor-widget-container\">\n\t\t\t\t\t\t\t\t\t<div class=\"elementor-button-wrapper\">\n\t\t\t\t\t<a class=\"elementor-button elementor-button-link elementor-size-sm\" href=\"https:\/\/wanderfreunde-rhein-sieg.info\/wp-content\/uploads\/2026\/08\/Oktober-2026-Stand-260825.pdf\">\n\t\t\t\t\t\t<span class=\"elementor-button-content-wrapper\">\n\t\t\t\t\t\t\t\t\t<span class=\"elementor-button-text\">Okt<\/span>\n\t\t\t\t\t<\/span>\n\t\t\t\t\t<\/a>\n\t\t\t\t<\/div>\n\t\t\t\t\t\t\t\t<\/div>\n\t\t\t\t<\/div>\n\t\t\t\t\t<\/div>\n\t\t<\/div>\n\t\t\t\t<div class=\"elementor-column elementor-col-25 elementor-top-column elementor-element elementor-element-5271b80\" data-id=\"5271b80\" data-element_type=\"column\" data-e-type=\"column\">\n\t\t\t<div class=\"elementor-widget-wrap elementor-element-populated\">\n\t\t\t\t\t\t<div class=\"elementor-element elementor-element-451b2d4 elementor-widget elementor-widget-button\" data-id=\"451b2d4\" data-element_type=\"widget\" data-e-type=\"widget\" data-widget_type=\"button.default\">\n\t\t\t\t<div class=\"elementor-widget-container\">\n\t\t\t\t\t\t\t\t\t<div class=\"elementor-button-wrapper\">\n\t\t\t\t\t<a class=\"elementor-button elementor-button-link elementor-size-sm\" href=\"https:\/\/wanderfreunde-rhein-sieg.info\/wp-content\/uploads\/2026\/08\/November-2026-Stand-260825.pdf\">\n\t\t\t\t\t\t<span class=\"elementor-button-content-wrapper\">\n\t\t\t\t\t\t\t\t\t<span class=\"elementor-button-text\">Nov<\/span>\n\t\t\t\t\t<\/span>\n\t\t\t\t\t<\/a>\n\t\t\t\t<\/div>\n\t\t\t\t\t\t\t\t<\/div>\n\t\t\t\t<\/div>\n\t\t\t\t\t<\/div>\n\t\t<\/div>\n\t\t\t\t\t<\/div>\n\t\t<\/section>\n\t\t\t\t<section class=\"elementor-section elementor-top-section elementor-element elementor-element-3a61d48 elementor-section-boxed elementor-section-height-default elementor-section-height-default\" data-id=\"3a61d48\" data-element_type=\"section\" data-e-type=\"section\">\n\t\t\t\t\t\t<div class=\"elementor-container elementor-column-gap-default\">\n\t\t\t\t\t<div class=\"elementor-column elementor-col-100 elementor-top-column elementor-element elementor-element-73aba88\" data-id=\"73aba88\" data-element_type=\"column\" data-e-type=\"column\">\n\t\t\t<div class=\"elementor-widget-wrap elementor-element-populated\">\n\t\t\t\t\t\t<div class=\"elementor-element elementor-element-8168805 elementor-widget elementor-widget-heading\" data-id=\"8168805\" data-element_type=\"widget\" data-e-type=\"widget\" data-widget_type=\"heading.default\">\n\t\t\t\t<div class=\"elementor-widget-container\">\n\t\t\t\t\t<h2 class=\"elementor-heading-title elementor-size-default\">Kurzfristige Wander\u00e4nderungen<\/h2>\t\t\t\t<\/div>\n\t\t\t\t<\/div>\n\t\t\t\t\t<\/div>\n\t\t<\/div>\n\t\t\t\t\t<\/div>\n\t\t<\/section>\n\t\t\t\t<section class=\"elementor-section elementor-top-section elementor-element elementor-element-0add495 elementor-section-boxed elementor-section-height-default elementor-section-height-default\" data-id=\"0add495\" data-element_type=\"section\" data-e-type=\"section\">\n\t\t\t\t\t\t<div class=\"elementor-container elementor-column-gap-default\">\n\t\t\t\t\t<div class=\"elementor-column elementor-col-100 elementor-top-column elementor-element elementor-element-971cb14\" data-id=\"971cb14\" data-element_type=\"column\" data-e-type=\"column\">\n\t\t\t<div class=\"elementor-widget-wrap elementor-element-populated\">\n\t\t\t\t\t\t<div class=\"elementor-element elementor-element-8e83283 elementor-widget elementor-widget-text-editor\" data-id=\"8e83283\" data-element_type=\"widget\" data-e-type=\"widget\" data-widget_type=\"text-editor.default\">\n\t\t\t\t<div class=\"elementor-widget-container\">\n\t\t\t\t\t\t\t\t\t<div><b>Hinweis zur Aktualit\u00e4t:<br \/><\/b><\/div><p>Wer an einer angebotenen Wanderung teilnehmen m\u00f6chte sollte am Tag vorher zu pr\u00fcfen, ob ggf. \u00c4nderungen\u00a0 vorgenommen wurden (Abfahrtszeiten, Tour\u00e4nderung, Anmeldung o.\u00e4.).<\/p>\t\t\t\t\t\t\t\t<\/div>\n\t\t\t\t<\/div>\n\t\t\t\t\t<\/div>\n\t\t<\/div>\n\t\t\t\t\t<\/div>\n\t\t<\/section>\n\t\t\t\t<section class=\"elementor-section elementor-top-section elementor-element elementor-element-12fa12d elementor-section-boxed elementor-section-height-default elementor-section-height-default\" data-id=\"12fa12d\" data-element_type=\"section\" data-e-type=\"section\">\n\t\t\t\t\t\t<div class=\"elementor-container elementor-column-gap-default\">\n\t\t\t\t\t<div class=\"elementor-column elementor-col-100 elementor-top-column elementor-element elementor-element-68b21e2\" data-id=\"68b21e2\" data-element_type=\"column\" data-e-type=\"column\">\n\t\t\t<div class=\"elementor-widget-wrap elementor-element-populated\">\n\t\t\t\t\t\t<div class=\"elementor-element elementor-element-773a327 elementor-widget elementor-widget-heading\" data-id=\"773a327\" data-element_type=\"widget\" data-e-type=\"widget\" data-widget_type=\"heading.default\">\n\t\t\t\t<div class=\"elementor-widget-container\">\n\t\t\t\t\t<h2 class=\"elementor-heading-title elementor-size-default\">Schwierigkeitsbewertung f\u00fcr Wanderungen<\/h2>\t\t\t\t<\/div>\n\t\t\t\t<\/div>\n\t\t\t\t\t<\/div>\n\t\t<\/div>\n\t\t\t\t\t<\/div>\n\t\t<\/section>\n\t\t\t\t<section class=\"elementor-section elementor-top-section elementor-element elementor-element-187478a elementor-section-boxed elementor-section-height-default elementor-section-height-default\" data-id=\"187478a\" data-element_type=\"section\" data-e-type=\"section\">\n\t\t\t\t\t\t<div class=\"elementor-container elementor-column-gap-default\">\n\t\t\t\t\t<div class=\"elementor-column elementor-col-66 elementor-top-column elementor-element elementor-element-afb7ba2\" data-id=\"afb7ba2\" data-element_type=\"column\" data-e-type=\"column\">\n\t\t\t<div class=\"elementor-widget-wrap elementor-element-populated\">\n\t\t\t\t\t\t<div class=\"elementor-element elementor-element-6284d72 elementor-widget elementor-widget-text-editor\" data-id=\"6284d72\" data-element_type=\"widget\" data-e-type=\"widget\" data-widget_type=\"text-editor.default\">\n\t\t\t\t<div class=\"elementor-widget-container\">\n\t\t\t\t\t\t\t\t\t<p><strong>Der Schwierigkeitsgrad f\u00fcr Wanderungen ist abh\u00e4ngig von\u00a0 Gehzeit, H\u00f6henunterschied und\u00a0 Wegebeschaffenheit. Es werden auch Kombinationen der Merkmale vergeben wie z.B. A\/B bei Strecke bis 12 km und H\u00f6henunterschied 150 \u2013 300 m.<\/strong><br \/><strong>Die Tabelle dient lediglich als Orientierungshilfe f\u00fcr\u00a0Gelegenheitswanderer oder Anf\u00e4nger.<\/strong><\/p>\t\t\t\t\t\t\t\t<\/div>\n\t\t\t\t<\/div>\n\t\t\t\t\t<\/div>\n\t\t<\/div>\n\t\t\t\t<div class=\"elementor-column elementor-col-33 elementor-top-column elementor-element elementor-element-e6f0de2\" data-id=\"e6f0de2\" data-element_type=\"column\" data-e-type=\"column\">\n\t\t\t<div class=\"elementor-widget-wrap elementor-element-populated\">\n\t\t\t\t\t\t<div class=\"elementor-element elementor-element-aaf4b83 elementor-widget elementor-widget-button\" data-id=\"aaf4b83\" data-element_type=\"widget\" data-e-type=\"widget\" data-widget_type=\"button.default\">\n\t\t\t\t<div class=\"elementor-widget-container\">\n\t\t\t\t\t\t\t\t\t<div class=\"elementor-button-wrapper\">\n\t\t\t\t\t<a class=\"elementor-button elementor-button-link elementor-size-sm\" href=\"https:\/\/wanderfreunde-rhein-sieg.info\/wp-content\/uploads\/2024\/09\/Schwierigkeitsbewertung-von-Wanderungen.pdf\">\n\t\t\t\t\t\t<span class=\"elementor-button-content-wrapper\">\n\t\t\t\t\t\t\t\t\t<span class=\"elementor-button-text\">Tabelle Schwierigkeits-bewertung<\/span>\n\t\t\t\t\t<\/span>\n\t\t\t\t\t<\/a>\n\t\t\t\t<\/div>\n\t\t\t\t\t\t\t\t<\/div>\n\t\t\t\t<\/div>\n\t\t\t\t\t<\/div>\n\t\t<\/div>\n\t\t\t\t\t<\/div>\n\t\t<\/section>\n\t\t\t\t<section class=\"elementor-section elementor-top-section elementor-element elementor-element-0ddb1c7 elementor-section-boxed elementor-section-height-default elementor-section-height-default\" data-id=\"0ddb1c7\" data-element_type=\"section\" data-e-type=\"section\">\n\t\t\t\t\t\t<div class=\"elementor-container elementor-column-gap-default\">\n\t\t\t\t\t<div class=\"elementor-column elementor-col-100 elementor-top-column elementor-element elementor-element-a69e81a\" data-id=\"a69e81a\" data-element_type=\"column\" data-e-type=\"column\">\n\t\t\t<div class=\"elementor-widget-wrap elementor-element-populated\">\n\t\t\t\t\t\t<div class=\"elementor-element elementor-element-9a8cf2c elementor-widget-divider--view-line elementor-widget elementor-widget-divider\" data-id=\"9a8cf2c\" data-element_type=\"widget\" data-e-type=\"widget\" data-widget_type=\"divider.default\">\n\t\t\t\t<div class=\"elementor-widget-container\">\n\t\t\t\t\t\t\t<div class=\"elementor-divider\">\n\t\t\t<span class=\"elementor-divider-separator\">\n\t\t\t\t\t\t<\/span>\n\t\t<\/div>\n\t\t\t\t\t\t<\/div>\n\t\t\t\t<\/div>\n\t\t\t\t\t<\/div>\n\t\t<\/div>\n\t\t\t\t\t<\/div>\n\t\t<\/section>\n\t\t\t\t<section class=\"elementor-section elementor-top-section elementor-element elementor-element-a5687e4 elementor-section-boxed elementor-section-height-default elementor-section-height-default\" data-id=\"a5687e4\" data-element_type=\"section\" data-e-type=\"section\">\n\t\t\t\t\t\t<div class=\"elementor-container elementor-column-gap-default\">\n\t\t\t\t\t<div class=\"elementor-column elementor-col-100 elementor-top-column elementor-element elementor-element-4319e4e\" data-id=\"4319e4e\" data-element_type=\"column\" data-e-type=\"column\">\n\t\t\t<div class=\"elementor-widget-wrap elementor-element-populated\">\n\t\t\t\t\t\t<div class=\"elementor-element elementor-element-90cb9cc elementor-widget elementor-widget-text-editor\" data-id=\"90cb9cc\" data-element_type=\"widget\" data-e-type=\"widget\" data-widget_type=\"text-editor.default\">\n\t\t\t\t<div class=\"elementor-widget-container\">\n\t\t\t\t\t\t\t\t\t<p>Wir bitten die <strong>Wanderer<\/strong> sp\u00e4testens<strong> 15 Minuten vor Abfahrt<\/strong> am Treffpunkt zu sein, damit der Wanderf\u00fchrer Zeit f\u00fcr\u00a0 notwendige Ma\u00dfnahmen hat.<\/p>\t\t\t\t\t\t\t\t<\/div>\n\t\t\t\t<\/div>\n\t\t\t\t\t<\/div>\n\t\t<\/div>\n\t\t\t\t\t<\/div>\n\t\t<\/section>\n\t\t\t\t<section class=\"elementor-section elementor-top-section elementor-element elementor-element-cde41ad elementor-section-boxed elementor-section-height-default elementor-section-height-default\" data-id=\"cde41ad\" data-element_type=\"section\" data-e-type=\"section\">\n\t\t\t\t\t\t<div class=\"elementor-container elementor-column-gap-default\">\n\t\t\t\t\t<div class=\"elementor-column elementor-col-100 elementor-top-column elementor-element elementor-element-c5b84f6\" data-id=\"c5b84f6\" data-element_type=\"column\" data-e-type=\"column\">\n\t\t\t<div class=\"elementor-widget-wrap elementor-element-populated\">\n\t\t\t\t\t\t<div class=\"elementor-element elementor-element-48a9be7 elementor-widget-divider--view-line elementor-widget elementor-widget-divider\" data-id=\"48a9be7\" data-element_type=\"widget\" data-e-type=\"widget\" data-widget_type=\"divider.default\">\n\t\t\t\t<div class=\"elementor-widget-container\">\n\t\t\t\t\t\t\t<div class=\"elementor-divider\">\n\t\t\t<span class=\"elementor-divider-separator\">\n\t\t\t\t\t\t<\/span>\n\t\t<\/div>\n\t\t\t\t\t\t<\/div>\n\t\t\t\t<\/div>\n\t\t\t\t\t<\/div>\n\t\t<\/div>\n\t\t\t\t\t<\/div>\n\t\t<\/section>\n\t\t\t\t<section class=\"elementor-section elementor-top-section elementor-element elementor-element-4e718b8 elementor-section-boxed elementor-section-height-default elementor-section-height-default\" data-id=\"4e718b8\" data-element_type=\"section\" data-e-type=\"section\">\n\t\t\t\t\t\t<div class=\"elementor-container elementor-column-gap-default\">\n\t\t\t\t\t<div class=\"elementor-column elementor-col-100 elementor-top-column elementor-element elementor-element-160517f\" data-id=\"160517f\" data-element_type=\"column\" data-e-type=\"column\">\n\t\t\t<div class=\"elementor-widget-wrap elementor-element-populated\">\n\t\t\t\t\t\t<div class=\"elementor-element elementor-element-2282521 elementor-widget elementor-widget-heading\" data-id=\"2282521\" data-element_type=\"widget\" data-e-type=\"widget\" data-widget_type=\"heading.default\">\n\t\t\t\t<div class=\"elementor-widget-container\">\n\t\t\t\t\t<h2 class=\"elementor-heading-title elementor-size-default\">Teilnahme von G\u00e4sten<\/h2>\t\t\t\t<\/div>\n\t\t\t\t<\/div>\n\t\t\t\t\t<\/div>\n\t\t<\/div>\n\t\t\t\t\t<\/div>\n\t\t<\/section>\n\t\t\t\t<section class=\"elementor-section elementor-top-section elementor-element elementor-element-72c70e7 elementor-section-boxed elementor-section-height-default elementor-section-height-default\" data-id=\"72c70e7\" data-element_type=\"section\" data-e-type=\"section\">\n\t\t\t\t\t\t<div class=\"elementor-container elementor-column-gap-default\">\n\t\t\t\t\t<div class=\"elementor-column elementor-col-100 elementor-top-column elementor-element elementor-element-2ef6271\" data-id=\"2ef6271\" data-element_type=\"column\" data-e-type=\"column\">\n\t\t\t<div class=\"elementor-widget-wrap elementor-element-populated\">\n\t\t\t\t\t\t<div class=\"elementor-element elementor-element-0b243e6 elementor-widget elementor-widget-text-editor\" data-id=\"0b243e6\" data-element_type=\"widget\" data-e-type=\"widget\" data-widget_type=\"text-editor.default\">\n\t\t\t\t<div class=\"elementor-widget-container\">\n\t\t\t\t\t\t\t\t\t<p><strong>G\u00e4ste<\/strong> sind jederzeit willkommen. Von G\u00e4sten wird ein Kostenbeitrag von 5 \u20ac je Wanderung erhoben. Dieser Beitrag dient der Beteiligung an den Kosten, die dem Verein f\u00fcr Vorbereitung und Durchf\u00fchrung von Wanderungen entstehen.\u00a0<\/p>\t\t\t\t\t\t\t\t<\/div>\n\t\t\t\t<\/div>\n\t\t\t\t\t<\/div>\n\t\t<\/div>\n\t\t\t\t\t<\/div>\n\t\t<\/section>\n\t\t\t\t<section class=\"elementor-section elementor-top-section elementor-element elementor-element-938d34c elementor-section-boxed elementor-section-height-default elementor-section-height-default\" data-id=\"938d34c\" data-element_type=\"section\" data-e-type=\"section\">\n\t\t\t\t\t\t<div class=\"elementor-container elementor-column-gap-default\">\n\t\t\t\t\t<div class=\"elementor-column elementor-col-100 elementor-top-column elementor-element elementor-element-0da76dc\" data-id=\"0da76dc\" data-element_type=\"column\" data-e-type=\"column\">\n\t\t\t<div class=\"elementor-widget-wrap\">\n\t\t\t\t\t\t\t<\/div>\n\t\t<\/div>\n\t\t\t\t\t<\/div>\n\t\t<\/section>\n\t\t\t\t<\/div>\n\t\t","protected":false},"excerpt":{"rendered":"<p>Die n\u00e4chsten Wanderungen Liebe Wanderfreunde, nur die nachfolgend aufgelisteten Touren sind aktuell und enthalten alle \u00c4nderungen. Wollt ihr es noch aktueller haben, dann folgt gerne dem Kanal Wanderfreunde Rhein-Sieg e.V. auf WhatsApp Mittwoch, 02. September 2026: Rundwanderung Bensberg (A\/B, 180 Hm), 10 km. Wanderf\u00fchrerin Norma Selve, Tel.0175 4141119, Abfahrt um 08:23 Uhr mit dem Zug &hellip; <\/p>\n<p class=\"link-more\"><a href=\"https:\/\/wanderfreunde-rhein-sieg.info\/?page_id=21\" class=\"more-link\"><span class=\"screen-reader-text\">\u201eWanderprogramm aktuell\u201c<\/span> weiterlesen<\/a><\/p>\n","protected":false},"author":1,"featured_media":0,"parent":0,"menu_order":0,"comment_status":"closed","ping_status":"closed","template":"","meta":{"footnotes":""},"class_list":["post-21","page","type-page","status-publish","hentry"],"jetpack_sharing_enabled":true,"_links":{"self":[{"href":"https:\/\/wanderfreunde-rhein-sieg.info\/index.php?rest_route=\/wp\/v2\/pages\/21","targetHints":{"allow":["GET"]}}],"collection":[{"href":"https:\/\/wanderfreunde-rhein-sieg.info\/index.php?rest_route=\/wp\/v2\/pages"}],"about":[{"href":"https:\/\/wanderfreunde-rhein-sieg.info\/index.php?rest_route=\/wp\/v2\/types\/page"}],"author":[{"embeddable":true,"href":"https:\/\/wanderfreunde-rhein-sieg.info\/index.php?rest_route=\/wp\/v2\/users\/1"}],"replies":[{"embeddable":true,"href":"https:\/\/wanderfreunde-rhein-sieg.info\/index.php?rest_route=%2Fwp%2Fv2%2Fcomments&post=21"}],"version-history":[{"count":3055,"href":"https:\/\/wanderfreunde-rhein-sieg.info\/index.php?rest_route=\/wp\/v2\/pages\/21\/revisions"}],"predecessor-version":[{"id":6790,"href":"https:\/\/wanderfreunde-rhein-sieg.info\/index.php?rest_route=\/wp\/v2\/pages\/21\/revisions\/6790"}],"wp:attachment":[{"href":"https:\/\/wanderfreunde-rhein-sieg.info\/index.php?rest_route=%2Fwp%2Fv2%2Fmedia&parent=21"}],"curies":[{"name":"wp","href":"https:\/\/api.w.org\/{rel}","templated":true}]}}